{"id":14441,"date":"2022-03-08T21:49:04","date_gmt":"2022-03-08T20:49:04","guid":{"rendered":"https:\/\/www.museebolo.ch\/?post_type=portfolio&#038;p=14441"},"modified":"2023-12-20T22:10:57","modified_gmt":"2023-12-20T21:10:57","slug":"marielle-stamm-des-mots-pour-le-dire-partie-1","status":"publish","type":"portfolio","link":"https:\/\/www.museebolo.ch\/en\/memoires_vives\/marielle-stamm-des-mots-pour-le-dire-partie-1\/","title":{"rendered":"Marielle Stamm \u2013 Des mots pour le dire (Partie 1)"},"content":{"rendered":"<div class=\"wpb-content-wrapper\"><p>[vc_row row_height_percent=&#8221;0&#8243; overlay_alpha=&#8221;50&#8243; gutter_size=&#8221;3&#8243; column_width_percent=&#8221;100&#8243; shift_y=&#8221;0&#8243; z_index=&#8221;0&#8243; row_height_pixel=&#8221;600&#8243;][vc_column column_width_percent=&#8221;100&#8243; gutter_size=&#8221;3&#8243; overlay_alpha=&#8221;50&#8243; shift_x=&#8221;0&#8243; shift_y=&#8221;0&#8243; shift_y_down=&#8221;0&#8243; z_index=&#8221;0&#8243; medium_width=&#8221;0&#8243; mobile_width=&#8221;0&#8243; width=&#8221;1\/1&#8243;][vc_row_inner limit_content=&#8221;&#8221;][vc_column_inner column_width_percent=&#8221;80&#8243; position_horizontal=&#8221;left&#8221; gutter_size=&#8221;3&#8243; overlay_alpha=&#8221;50&#8243; shift_x=&#8221;0&#8243; shift_y=&#8221;0&#8243; shift_y_down=&#8221;0&#8243; z_index=&#8221;0&#8243; medium_width=&#8221;0&#8243; mobile_width=&#8221;0&#8243; width=&#8221;1\/1&#8243; uncode_shortcode_id=&#8221;200612&#8243;][vc_custom_heading text_color=&#8221;color-195201&#8243; heading_semantic=&#8221;h1&#8243; text_font=&#8221;font-165139&#8243; text_size=&#8221;h1&#8243; text_transform=&#8221;uppercase&#8221; separator=&#8221;yes&#8221; separator_color=&#8221;yes&#8221; sub_lead=&#8221;yes&#8221; el_class=&#8221;T_Lead&#8221; uncode_shortcode_id=&#8221;362787&#8243; text_color_type=&#8221;uncode-palette&#8221;]Des mots pour le dire \u2013 Partie 1[\/vc_custom_heading][vc_custom_heading heading_semantic=&#8221;h1&#8243; text_size=&#8221;h1&#8243; text_weight=&#8221;300&#8243; uncode_shortcode_id=&#8221;111788&#8243;]Marielle Stamm, une romanci\u00e8re pionni\u00e8re du journalisme informatique[\/vc_custom_heading][vc_column_text uncode_shortcode_id=&#8221;584882&#8243;]Par <a href=\"https:\/\/www.medialien.ch\/blog-numerique-droit-2-digital-law-2-fr170.html\" target=\"_blank\" rel=\"noopener\">Anne-Sylvie Weinmann<\/a>, avocate et data scientist, sur la base de propos recueillis entre le 11 et le 18\/01\/2022 lors de plusieurs entretiens par WhatsApp et Zoom.<br \/>\nAvec tous mes remerciements \u00e0 Marielle Stamm pour la relecture attentive de ce portrait.[\/vc_column_text][vc_separator sep_color=&#8221;color-206210&#8243; icon_position=&#8221;left&#8221; uncode_shortcode_id=&#8221;111153&#8243; sep_color_type=&#8221;uncode-palette&#8221; el_width=&#8221;100%&#8221; el_height=&#8221;2px&#8221;][\/vc_column_inner][\/vc_row_inner][vc_row_inner limit_content=&#8221;&#8221;][vc_column_inner column_width_percent=&#8221;80&#8243; position_horizontal=&#8221;left&#8221; gutter_size=&#8221;3&#8243; overlay_alpha=&#8221;50&#8243; shift_x=&#8221;0&#8243; shift_y=&#8221;0&#8243; shift_y_down=&#8221;0&#8243; z_index=&#8221;0&#8243; medium_width=&#8221;0&#8243; mobile_width=&#8221;0&#8243; width=&#8221;1\/1&#8243; uncode_shortcode_id=&#8221;143752&#8243;][vc_column_text uncode_shortcode_id=&#8221;708926&#8243;]<\/p>\n<h2>Partie 1<\/h2>\n<ul>\n<li>Sous le soleil de Marseille, et d\u2019ailleurs<\/li>\n<li>1969-1973: Les ann\u00e9es SESA<\/li>\n<\/ul>\n<p>[\/vc_column_text][vc_column_text uncode_shortcode_id=&#8221;111335&#8243;]<\/p>\n<h2><a href=\"https:\/\/www.museebolo.ch\/memoires_vives\/marielle-stamm-des-mots-pour-le-dire-partie-2marielle-stamm-des-mots-pour-le-dire-partie-2\/\">Partie 2<\/a><\/h2>\n<ul>\n<li><em>Sur nos monts quand le soleil\u2026<\/em> et journalisme informatique<\/li>\n<li>L\u2019apr\u00e8s journalisme informatique, une vie foisonnante<\/li>\n<\/ul>\n<p>[\/vc_column_text][vc_separator sep_color=&#8221;color-206210&#8243; icon_position=&#8221;left&#8221; uncode_shortcode_id=&#8221;111153&#8243; sep_color_type=&#8221;uncode-palette&#8221; el_width=&#8221;100%&#8221; el_height=&#8221;2px&#8221;][\/vc_column_inner][\/vc_row_inner][vc_row_inner limit_content=&#8221;&#8221;][vc_column_inner width=&#8221;1\/4&#8243;][vc_single_image media=&#8221;11560&#8243; caption=&#8221;yes&#8221; media_width_use_pixel=&#8221;yes&#8221; uncode_shortcode_id=&#8221;267811&#8243; media_width_pixel=&#8221;300&#8243;][\/vc_column_inner][vc_column_inner column_width_percent=&#8221;75&#8243; position_horizontal=&#8221;left&#8221; gutter_size=&#8221;3&#8243; overlay_alpha=&#8221;50&#8243; shift_x=&#8221;0&#8243; shift_y=&#8221;0&#8243; shift_y_down=&#8221;0&#8243; z_index=&#8221;0&#8243; medium_width=&#8221;0&#8243; mobile_width=&#8221;0&#8243; width=&#8221;3\/4&#8243; uncode_shortcode_id=&#8221;864985&#8243;][vc_column_text uncode_shortcode_id=&#8221;121401&#8243;]Lorsque j\u2019ai demand\u00e9 \u00e0 Marielle Stamm si les mots constituaient le fil rouge de sa vie, en \u00e0 peine le temps qu\u2019il faut pour le dire, elle a ajout\u00e9: \u00abLes notes de musique aussi!\u00bb. Rien, si ce n\u2019est son go\u00fbt des mots, ne laissait pr\u00e9sager que la jeune fille qui se r\u00eavait pianiste deviendrait une pionni\u00e8re du journalisme informatique. Comme ces alpinistes qui lentement, patiemment conqui\u00e8rent \u00e9tape par \u00e9tape, pallier par pallier le Toit du Monde, Marielle Stamm s\u2019est approch\u00e9e de l\u2019informatique pour l\u2019apporter jusque dans les bo\u00eetes \u00e0 lettres, les kiosques et les bistrots de Romandie.<\/p>\n<p>\u00abJe voulais un job!\u00bb. Avec ces alpinistes \u00e9pris de hauts sommets, Marielle Stamm partage la t\u00e9nacit\u00e9, le courage et la pers\u00e9v\u00e9rance, car ce portrait montre aussi le combat d\u2019une femme, des femmes, illustres ou anonymes, avides d\u2019explorer la vie au-del\u00e0 des espaces exigus que leur imposait la soci\u00e9t\u00e9.<\/p>\n<p>En ce 8 mars, \u00e0 toutes et \u00e0 tous, je vous souhaite une excellente journ\u00e9e des droits des femmes, ainsi qu\u2019une bonne lecture![\/vc_column_text][\/vc_column_inner][\/vc_row_inner][vc_row_inner limit_content=&#8221;&#8221;][vc_column_inner column_width_percent=&#8221;80&#8243; position_horizontal=&#8221;left&#8221; gutter_size=&#8221;3&#8243; overlay_alpha=&#8221;50&#8243; shift_x=&#8221;0&#8243; shift_y=&#8221;0&#8243; shift_y_down=&#8221;0&#8243; z_index=&#8221;0&#8243; medium_width=&#8221;0&#8243; mobile_width=&#8221;0&#8243; width=&#8221;1\/1&#8243; uncode_shortcode_id=&#8221;116499&#8243;][vc_separator sep_color=&#8221;color-206210&#8243; icon_position=&#8221;left&#8221; uncode_shortcode_id=&#8221;111153&#8243; sep_color_type=&#8221;uncode-palette&#8221; el_width=&#8221;100%&#8221; el_height=&#8221;2px&#8221;][vc_custom_heading text_size=&#8221;h1&#8243; text_weight=&#8221;300&#8243; uncode_shortcode_id=&#8221;183348&#8243;]Sous le soleil de Marseille, et d\u2019ailleurs[\/vc_custom_heading][vc_column_text uncode_shortcode_id=&#8221;160239&#8243;]<\/p>\n<h2>Une enfance phoc\u00e9enne<\/h2>\n<h3>Des notes, des mots et de l\u2019art<\/h3>\n<p>[\/vc_column_text][\/vc_column_inner][\/vc_row_inner][vc_row_inner limit_content=&#8221;&#8221;][vc_column_inner width=&#8221;1\/4&#8243;][vc_single_image media=&#8221;11419&#8243; caption=&#8221;yes&#8221; media_width_percent=&#8221;100&#8243; uncode_shortcode_id=&#8221;301920&#8243;][\/vc_column_inner][vc_column_inner column_width_percent=&#8221;75&#8243; position_horizontal=&#8221;left&#8221; gutter_size=&#8221;3&#8243; overlay_alpha=&#8221;50&#8243; shift_x=&#8221;0&#8243; shift_y=&#8221;0&#8243; shift_y_down=&#8221;0&#8243; z_index=&#8221;0&#8243; medium_width=&#8221;0&#8243; mobile_width=&#8221;0&#8243; width=&#8221;3\/4&#8243; uncode_shortcode_id=&#8221;125920&#8243;][vc_column_text uncode_shortcode_id=&#8221;993673&#8243;]N\u00e9e sous le soleil de Marseille, quelques ann\u00e9es avant la seconde guerre mondiale, Marielle Stamm s\u2019exprime sans trace de l\u2019accent chantant de la cit\u00e9 phoc\u00e9enne dans laquelle son grand-p\u00e8re Gotthelf Stamm, arriv\u00e9 de Thayngen dans le canton de Schaffhouse, s\u2019installe \u00e0 l\u2019automne 1888. Il n\u2019a que 19 ans, une belle carri\u00e8re dans le domaine du n\u00e9goce de c\u00e9r\u00e9ales l\u2019attend. Stamm, est le nom de famille de sa m\u00e8re, Anna, qui lui donne le jour alors qu\u2019elle est veuve depuis deux ans d\u00e9j\u00e0. Scandale! Silence de plomb! L\u2019histoire familiale est verrouill\u00e9e. A ce grand-p\u00e8re ch\u00e9ri n\u00e9 de p\u00e8re inconnu, Marielle Stamm offrira cent-cinquante ans apr\u00e8s sa naissance, le cadeau de l\u2019identit\u00e9 du p\u00e8re fant\u00f4me. Wilhelm Elterich, vicaire dans le canton de Schaffhouse, devenu William et avocat apr\u00e8s sa fuite aux Etats-Unis. Un secret de famille tenace enfin lev\u00e9, des origines retrouv\u00e9es, une voix entendue \u00e0 cheval sur les si\u00e8cles gr\u00e2ce \u00e0 un gramophone et une cl\u00e9 usb, une photo plac\u00e9e sur une branche de l\u2019arbre g\u00e9n\u00e9alogique familial, trop lourde du manque de cet a\u00efeul silencieux. Un p\u00e8re, un grand p\u00e8re, un arri\u00e8re-grand-p\u00e8re restitu\u00e9 \u00e0 l\u2019issue d\u2019un travail de recherche \u00e0 rebondissements, men\u00e9 sur plusieurs continents gr\u00e2ce \u00e0 Internet ainsi que de pr\u00e9cieuses complices, et admirablement relat\u00e9 dans <a href=\"https:\/\/www.editions-aire.ch\/produit\/lenquete-elterich\/\" target=\"_blank\" rel=\"noopener\">L\u2019enqu\u00eate Elterich<\/a>; travail de mise au jour de ses racines familiales que le patronyme de Marielle Stamm, tronc en allemand, pr\u00e9destinait, peut-\u00eatre \u00e0 mener?[\/vc_column_text][\/vc_column_inner][\/vc_row_inner][vc_row_inner limit_content=&#8221;&#8221;][vc_column_inner column_width_percent=&#8221;80&#8243; position_horizontal=&#8221;left&#8221; gutter_size=&#8221;3&#8243; overlay_alpha=&#8221;50&#8243; shift_x=&#8221;0&#8243; shift_y=&#8221;0&#8243; shift_y_down=&#8221;0&#8243; z_index=&#8221;0&#8243; medium_width=&#8221;0&#8243; mobile_width=&#8221;0&#8243; width=&#8221;1\/1&#8243; uncode_shortcode_id=&#8221;200612&#8243;][vc_column_text uncode_shortcode_id=&#8221;122859&#8243;]De l\u2019union de Gotthelf avec Berthe, na\u00eetra un fils unique, Henri, p\u00e8re de Marielle Stamm dont la m\u00e8re, Jeannine, c\u00e9venole et pionni\u00e8re \u00e9galement, est une des premi\u00e8res femmes avocates de Marseille, et de l\u2019Hexagone! Elle transmettra \u00e0 sa fille son aversion pour l\u2019injustice. Son beau-p\u00e8re qui n\u2019a pu se d\u00e9faire de son fort accent suisse-allemand l\u2019appellera \u00abCh\u00e2nnine\u00bb sa vie durant. Au-del\u00e0 de cette anecdote amusante, la Suisse a jou\u00e9 un tr\u00e8s grand r\u00f4le dans l\u2019enfance de la benjamine d\u2019une fratrie de trois s\u0153urs: \u00abNous \u00e9tions en p\u00e9riode de guerre et nous n\u2019avions pas grand-chose \u00e0 nous mettre sous la dent\u00bb. En tant qu\u2019enfants suisses de Marseille, ses s\u0153urs et elles \u00e9taient autoris\u00e9es \u00e0 passer l\u2019\u00e9t\u00e9 en Suisse dans \u00abune maison d\u2019enfants\u00bb \u00e0 Chesi\u00e8res, pr\u00e8s de Villars-sur-Ollon: \u00abNous mangions des tartines beurr\u00e9es, des bananes. Choses que nous ne connaissions absolument pas\u00bb. Il fallait reprendre des forces et quelques kilos pour faire face aux restrictions \u00e0 venir qui les attendaient une fois de retour en France. \u00abJ\u2019avais beaucoup d\u2019amour pour la Suisse, la Suisse c\u2019\u00e9tait mon deuxi\u00e8me pays\u00bb souligne-t-elle avec douceur en pr\u00e9cisant que son p\u00e8re qui parlait suisse-allemand et y avait s\u00e9journ\u00e9 enfant \u00ables avait \u00e9lev\u00e9es dans l\u2019amour de la Suisse\u00bb. Apr\u00e8s la guerre, elle passe quelques mois dans nos montagnes pour soigner une primo-infection, la tuberculose. Dans ce pays avec lequel elle a un lien tr\u00e8s fort, Marielle Stamm s\u2019installera pour longtemps, bien plus tard, par amour, mais elle ne le sait pas encore.<\/p>\n<p>De cette enfance, et adolescence rien ne pr\u00e9dispose Marielle Stamm \u00e0 devenir une pionni\u00e8re du journalisme informatique, car c\u2019est install\u00e9e \u00e0 son piano que Marielle Stamm est heureuse! D\u00e9buts \u00e0 6 ans, Conservatoire achev\u00e9 avant le bac. Elle aurait aim\u00e9 faire une carri\u00e8re de musicienne. Dans l\u2019id\u00e9e de ses parents, le piano c\u2019est du loisir, ce n\u2019est pas un m\u00e9tier. \u00abTu ne deviendras pas professeur de piano, tu feras des \u00e9tudes!\u00bb. Le p\u00e8re et la m\u00e8re de Marielle Stamm avaient tous deux poursuivi des \u00e9tudes sup\u00e9rieures. Un couple d\u2019universitaires, ce n\u2019\u00e9tait pas tr\u00e8s courant \u00e0 l\u2019\u00e9poque! Une s\u0153ur avocate, l\u2019autre m\u00e9decin. Et Marielle? A l\u2019\u00e9poque en France il n\u2019y avait pas encore d\u2019\u00e9tudes musicales permettant de coupler un instrument et des \u00e9tudes au niveau universitaire, la musicologie par exemple. Elle ne nourrit pas de regret, elle qui regarde toujours le verre \u00e0 moiti\u00e9 plein.[\/vc_column_text][\/vc_column_inner][\/vc_row_inner][vc_row_inner limit_content=&#8221;&#8221;][vc_column_inner width=&#8221;1\/4&#8243;][vc_single_image media=&#8221;11422&#8243; caption=&#8221;yes&#8221; media_width_percent=&#8221;100&#8243; uncode_shortcode_id=&#8221;385584&#8243;][\/vc_column_inner][vc_column_inner column_width_percent=&#8221;75&#8243; position_horizontal=&#8221;left&#8221; gutter_size=&#8221;3&#8243; overlay_alpha=&#8221;50&#8243; shift_x=&#8221;0&#8243; shift_y=&#8221;0&#8243; shift_y_down=&#8221;0&#8243; z_index=&#8221;0&#8243; medium_width=&#8221;0&#8243; mobile_width=&#8221;0&#8243; width=&#8221;3\/4&#8243; uncode_shortcode_id=&#8221;133244&#8243;][vc_column_text uncode_shortcode_id=&#8221;158067&#8243;]Dans l\u2019environnement familial de la future pionni\u00e8re du journalisme informatique, les sciences n\u2019ont gu\u00e8re de place. L\u2019origine de sa riche carri\u00e8re est \u00e0 chercher ailleurs. Elle avait bien un p\u00e8re \u00e9conomiste, mais il ne parlait pas d\u2019\u00e9conomie. \u00abIl \u00e9coutait ma m\u00e8re\u00bb dit-elle amus\u00e9e. Ses parents \u00e9taient des intellectuels, lisaient beaucoup, faisaient partie d\u2019un cercle de lecture. A c\u00f4t\u00e9 des notes, les mots peuplent son univers familial. Sa m\u00e8re a \u00e9crit toute sa vie, des milliers et des milliers de lettres \u00abOn l\u2019appelait Mme de S\u00e9vign\u00e9\u00bb, en r\u00e9f\u00e9rence \u00e0 la c\u00e9l\u00e8bre \u00e9pistoli\u00e8re fran\u00e7aise du 17<sup>e<\/sup> si\u00e8cle. \u00abElle correspondait avec ses filles \u00e9loign\u00e9es, plus de deux fois par semaine, avec ses amies aussi. Il n\u2019y avait pas de t\u00e9l\u00e9phone, encore moins de messagerie pour <em>chatter<\/em>. On \u00e9crivait, on attendait les lettres. Des pans de vie que l\u2019on peut red\u00e9chiffrer, d\u00e9couvrir entre les lignes\u00bb. Lire entre les lignes d\u2019une correspondance nourrie pendant plus d\u2019un demi-si\u00e8cle, d\u00e9chiffrer, d\u00e9crypter des pages et des pages, des pans de vie rest\u00e9s dans l\u2019ombre pour ramener \u00e0 la lumi\u00e8re un secret de famille de plus de nonante ans, Marielle Stamm le fera \u00e0 merveille dans <a href=\"https:\/\/www.rts.ch\/audio-podcast\/2021\/audio\/marielle-stamm-chere-mademoiselle-et-amie-25347124.html\" target=\"_blank\" rel=\"noopener\">Ch\u00e8re Mademoiselle et Amie<\/a>, son troisi\u00e8me roman <a href=\"https:\/\/editionsmonvillage.ch\/produit\/chere-mademoiselle-et-amie\/\" target=\"_blank\" rel=\"noopener\">paru en 2014<\/a>, alors qu\u2019elle n\u2019a \u00abpour renouer les fils de ce tissu mit\u00e9\u00bb que la moiti\u00e9 de ce long \u00e9change, et un cahier recouvert de moleskine. Une amie. Un ami. Les lettres en possession de l\u2019ami ont disparu.[\/vc_column_text][\/vc_column_inner][\/vc_row_inner][vc_row_inner limit_content=&#8221;&#8221;][vc_column_inner column_width_percent=&#8221;80&#8243; position_horizontal=&#8221;left&#8221; gutter_size=&#8221;3&#8243; overlay_alpha=&#8221;50&#8243; shift_x=&#8221;0&#8243; shift_y=&#8221;0&#8243; shift_y_down=&#8221;0&#8243; z_index=&#8221;0&#8243; medium_width=&#8221;0&#8243; mobile_width=&#8221;0&#8243; width=&#8221;1\/1&#8243; uncode_shortcode_id=&#8221;200612&#8243;][vc_column_text uncode_shortcode_id=&#8221;536572&#8243;]Des notes, des mots, et l\u2019art! L\u2019art, auquel son p\u00e8re a initi\u00e9 tr\u00e8s jeunes ses filles. \u00ab\u00c7a a \u00e9t\u00e9 une autre de mes passions\u00bb, passion qui la m\u00e8nera sur les bancs de la prestigieuse Ecole du Louvre. Mais ne pr\u00e9cipitons rien. Visite de mus\u00e9es, voyage en Italie \u00abdans une grosse am\u00e9ricaine tr\u00e8s moche\u00bb souligne-t-elle en riant. Elle avoue s\u2019\u00eatre beaucoup ennuy\u00e9e lors de ce voyage \u00e0 Florence, tra\u00een\u00e9e par son p\u00e8re des heures enti\u00e8res dans tous les mus\u00e9es du bijou toscan. \u00abAujourd\u2019hui je lui suis reconnaissante car gr\u00e2ce \u00e0 lui, je me suis mise \u00e0 aimer la peinture, la sculpture\u00bb.<\/p>\n<p>Nul doute que les parents de Marielle Stamm lui ont permis de s\u2019ouvrir l\u2019esprit: \u00abLa peinture, la musique et les lettres; c\u2019est beaucoup!\u00bb. Protestante en terre catholique, \u00abA l\u2019\u00e9poque nous \u00e9tions la minorit\u00e9\u00bb dit Marielle Stamm. \u00abOn vivait en milieu clos, entre nous\u00bb.[\/vc_column_text][\/vc_column_inner][\/vc_row_inner][vc_row_inner limit_content=&#8221;&#8221;][vc_column_inner column_width_percent=&#8221;80&#8243; position_horizontal=&#8221;left&#8221; gutter_size=&#8221;3&#8243; overlay_alpha=&#8221;50&#8243; shift_x=&#8221;0&#8243; shift_y=&#8221;0&#8243; shift_y_down=&#8221;0&#8243; z_index=&#8221;0&#8243; medium_width=&#8221;0&#8243; mobile_width=&#8221;0&#8243; width=&#8221;1\/1&#8243; uncode_shortcode_id=&#8221;200612&#8243;][vc_column_text uncode_shortcode_id=&#8221;175714&#8243;]<\/p>\n<h3>Dans l\u2019ombre des bombes des machines \u00e9mergent<\/h3>\n<p>Marielle Stamm, lumineuse, aurait-elle emport\u00e9 un peu du rayonnement de son sud natal, d\u2019une vie remplie de notes de musique, ne pouvant envisager que le conflit qui embrasait le monde, et ses besoins accrus en calculs balistiques, radars, d\u00e9cryptage de messages cod\u00e9s ennemis, notamment, \u00e9tait le terreau du d\u00e9veloppement d\u2019une nouvelle discipline, l\u2019informatique, qui jouerait un r\u00f4le central dans sa vie. Efforts de guerre, projets top-secrets dont le film <a href=\"https:\/\/www.youtube.com\/watch?v=nuPZUUED5uk\" target=\"_blank\" rel=\"noopener\">The Imitation Game<\/a> ou le documentaire <a href=\"https:\/\/vimeo.com\/ondemand\/eniac6\" target=\"_blank\" rel=\"noopener\">The Computers: The Remarkable Story of the ENIAC Programmers<\/a> nous livrent un aper\u00e7u. Cette journ\u00e9e du 8 mars et des droits des femmes est l\u2019occasion de souligner que ces films d\u00e9voilent \u00e9galement le r\u00f4le pionnier de math\u00e9maticiennes talentueuses demeur\u00e9es m\u00e9connues, voire totalement inconnues pendant plusieurs d\u00e9cennies. Qui \u00e9taient-elles? Dans le premier, au service de sa majest\u00e9 la reine Elizabeth II, <a href=\"https:\/\/scientificwomen.net\/women\/clarke-joan-158\" target=\"_blank\" rel=\"noopener\">Joan Clarke<\/a>, cryptographe avant l\u2019heure contribue avec son ami <a href=\"https:\/\/fr.wikipedia.org\/wiki\/Alan_Turing\" target=\"_blank\" rel=\"noopener\">Alan Turing<\/a> \u00e0 d\u00e9chiffrer le code de la machine nazie Enigma pourtant r\u00e9put\u00e9e ind\u00e9cryptable. Des ann\u00e9es d\u2019une guerre d\u00e9j\u00e0 trop longue seront \u00e9pargn\u00e9es. Dans le second, outre-Atlantique, Betty Snyder Holberton, Jean Jennings Barik, Kay McNulty Mauchly Antonelli, Marlyn Wescoff Meltzer, Ruth Lichterman Teitelbaum et Frances Bilas Spence r\u00e9alisent int\u00e9gralement la programmation de l\u2019ENIAC, ordinateur mammouth, \u00abpremier ordinateur \u00e0 grande \u00e9chelle \u00e0 fonctionner \u00e0 la vitesse de l&#8217;\u00e9lectronique sans \u00eatre ralenti par aucune pi\u00e8ce m\u00e9canique\u00bb nous renseigne tout en nuances le site du <a href=\"https:\/\/www.computerhistory.org\/revolution\/birth-of-the-computer\/4\/78\" target=\"_blank\" rel=\"noopener\">Computer History Museum<\/a> de Mountain View, car la question de savoir \u00e0 qui revient la palme du premier ordinateur \u00e9lectronique est subtile. (Pour aller plus loin: <a href=\"https:\/\/en.wikipedia.org\/wiki\/ENIAC\" target=\"_blank\" rel=\"noopener\">ENIAC<\/a> (Wikip\u00e9dia), <a href=\"https:\/\/computerhistory.org\/blog\/programming-the-eniac-an-example-of-why-computer-history-is-hard\/\" target=\"_blank\" rel=\"noopener\">Programming the Eniac: an example of why computer history is hard<\/a>, <a href=\"https:\/\/www.payot.ch\/Detail\/histoire_illustree_de_linformatique-emmanuel_lazard-9782759823758?cId=0\" target=\"_blank\" rel=\"noopener\">Histoire illustr\u00e9e de l\u2019informatique<\/a>, pp. 91 et 102, <a href=\"https:\/\/www.payot.ch\/Detail\/les_innovateurs-walter_isaacson-9782253194453\" target=\"_blank\" rel=\"noopener\">Les Innovateurs<\/a>, L\u2019ordinateur, pp. 71ss).[\/vc_column_text][\/vc_column_inner][\/vc_row_inner][vc_row_inner limit_content=&#8221;&#8221;][vc_column_inner width=&#8221;1\/4&#8243;][vc_single_image media=&#8221;11426&#8243; caption=&#8221;yes&#8221; media_width_percent=&#8221;100&#8243; uncode_shortcode_id=&#8221;182602&#8243;][\/vc_column_inner][vc_column_inner column_width_percent=&#8221;75&#8243; position_horizontal=&#8221;left&#8221; gutter_size=&#8221;3&#8243; overlay_alpha=&#8221;50&#8243; shift_x=&#8221;0&#8243; shift_y=&#8221;0&#8243; shift_y_down=&#8221;0&#8243; z_index=&#8221;0&#8243; medium_width=&#8221;0&#8243; mobile_width=&#8221;0&#8243; width=&#8221;3\/4&#8243; uncode_shortcode_id=&#8221;133244&#8243;][vc_column_text uncode_shortcode_id=&#8221;226347&#8243;]Les six programmeuses partent de rien, et pour corser le d\u00e9fi, au d\u00e9but, l\u2019acc\u00e8s \u00e0 la b\u00eate leur est bloqu\u00e9. Secret d\u00e9fense! Elles programmaient \u00e0 l\u2019aveugle, fait ubuesque que nous r\u00e9v\u00e8le <em>The Computers:<\/em> \u00abThey had to programm the machine they weren\u2019t even allowed to see. Women didn\u2019t have the security clearance to see the machine. Instead they were handed wiring diagrams\u00bb. Elles imaginent, con\u00e7oivent, d\u00e9cortiquent les diff\u00e9rentes \u00e9tapes du calcul, testent, \u00e9chouent, recommencent, pers\u00e9v\u00e8rent, c\u00e2blent. Et finalement, les calculs attendus sont livr\u00e9s. Le mastodonte que la presse surnommera \u00abThe Giant Brain\u00bb fonctionne. Elles lui ont donn\u00e9 vie. Une premi\u00e8re historique! Mais nul honneur pour elles, elles ne sont pas convi\u00e9es aux festivit\u00e9s. \u00abAnd they had a dinner but we weren\u2019t invited!\u00bb, ces mots de Kay McNulty Mauchly Antonelli concentrent \u00e0 eux seuls moultes brimades de l\u2019histoire des femmes. Ces jeunes femmes demeur\u00e9es invisibles, inconnues du grand public pendant soixante ans avaient pourtant accompli ce que nul autre n\u2019avait fait auparavant: programmer un ordinateur \u00e9lectronique. Des centaines de c\u00e2bles, des milliers de relais <em>(switches)<\/em>. Des d\u00e9cennies plus tard, <a href=\"https:\/\/vimeo.com\/ondemand\/eniac6\" target=\"_blank\" rel=\"noopener\">hommages<\/a> seront rendus aux six programmeuses de l\u2019ENIAC pour cet extraordinaire accomplissement. Enfin elles trouvent leur juste place dans l\u2019Histoire![\/vc_column_text][\/vc_column_inner][\/vc_row_inner][vc_row_inner limit_content=&#8221;&#8221;][vc_column_inner column_width_percent=&#8221;80&#8243; position_horizontal=&#8221;left&#8221; gutter_size=&#8221;3&#8243; overlay_alpha=&#8221;50&#8243; shift_x=&#8221;0&#8243; shift_y=&#8221;0&#8243; shift_y_down=&#8221;0&#8243; z_index=&#8221;0&#8243; medium_width=&#8221;0&#8243; mobile_width=&#8221;0&#8243; width=&#8221;1\/1&#8243; uncode_shortcode_id=&#8221;200612&#8243;][vc_column_text uncode_shortcode_id=&#8221;206467&#8243;]<\/p>\n<h3>Du droit? Pour faire du piano! Et en attendant de partir<\/h3>\n<p>Son bac en poche et \u00e2g\u00e9e de 16 ans seulement, Marielle Stamm enthousiaste d\u00e9clare \u00e0 ses parents: \u00abJe ferai Sciences-Po!\u00bb. A l\u2019\u00e9poque, le seul lieu d\u2019\u00e9tudes de la mati\u00e8re convoit\u00e9e est Paris. \u00abOn n\u2019envoie pas sa fille de 16 ans \u00e0 Paris, c\u2019est trop dangereux. Fais quelque chose d\u2019autre en attendant\u00bb lui r\u00e9pondent ses parents, cat\u00e9goriques. Elle choisit alors le droit, discipline pour laquelle elle n\u2019a, pour le moins, aucun atome crochu. Il en ira autrement pour deux de ses enfants, et une de ses petites-filles. Le droit, un choix de raison; en attendant de rejoindre la capitale, et surtout pour avoir du temps pour s\u2019adonner \u00e0 son cher piano. \u00c9videmment! \u00abC\u2019\u00e9tait un moyen de tourner le diktat paternel: \u00abTu feras des \u00e9tudes!\u00bb. En droit, il suffisait d\u2019apprendre les cours par c\u0153ur, cela lui \u00e9tait ais\u00e9, rapide. Du temps libre pour la musique.<\/p>\n<p>Elle a 20 ans, et la porte de la maison familiale s\u2019ouvre grand. Marielle Stamm part pour Sciences-Po. Le soir de son arriv\u00e9e dans la ville lumi\u00e8re, une f\u00eate se tient \u00e0 la cit\u00e9 universitaire, o\u00f9 elle loge. Elle y rencontre son futur mari, math\u00e9maticien et ing\u00e9nieur. Huit jours apr\u00e8s les noces c\u00e9l\u00e9br\u00e9es \u00e0 la fin de sa premi\u00e8re ann\u00e9e dans la capitale, le jeune couple s\u2019envole pour les \u00c9tats-Unis, destination Poughkeepsie dans l\u2019\u00e9tat de New York, \u00e0 une centaine de kilom\u00e8tres au nord de la <em>Grande Pomme,<\/em> pour un premier, et court, interm\u00e8de am\u00e9ricain : \u00ab Mon premier mari avait d\u00e9croch\u00e9 un job chez IBM; c\u2019\u00e9taient les balbutiements de l\u2019informatique\u00bb. L\u2019informatique \u00e9tait entr\u00e9e dans la vie de Marielle Stamm, par sa vie priv\u00e9e et par hasard: \u00abC\u2019est le hasard!\u00bb, le hasard d\u2019une soir\u00e9e \u00e0 la cit\u00e9 universitaire. Au hasard, l\u2019\u00e9nergique pionni\u00e8re y fait souvent r\u00e9f\u00e9rence. Heureuses rencontres, qui l\u2019ont conduite d\u2019un point au suivant. Elle pr\u00e9cise n\u00e9anmoins: \u00abJ\u2019ai \u00e9t\u00e9 port\u00e9e par une \u00e9poque, le f\u00e9minisme n\u2019existait pas encore\u00bb. Elle poursuivra ses \u00e9tudes en sciences politiques de mani\u00e8re tr\u00e8s hach\u00e9e, \u00ab\u00e0 l\u2019\u00e9poque, on suivait son mari, je n\u2019allais pas lui dire: \u00abJe rentre \u00e0 Paris pour finir mes \u00e9tudes\u00bb\u00bb. Combative et pers\u00e9v\u00e9rante, elle obtiendra le dipl\u00f4me de Sciences-Po quelques ann\u00e9es plus tard.[\/vc_column_text][vc_empty_space][vc_column_text uncode_shortcode_id=&#8221;208717&#8243;]<\/p>\n<h2>\u00abIBM a \u00e9t\u00e9 le centre de ma vie de jeune femme\u00bb<\/h2>\n<h3>Poughkeepsie, Marseille, Paris: une fois, deux fois<\/h3>\n<p>Trois lettres famili\u00e8res: IBM, acronyme de International Business Machines Corporation. Surnom: Big Blue, en r\u00e9f\u00e9rence \u00e0 la couleur qui a longtemps \u00e9t\u00e9 le signe distinctif de cet incontournable acteur du monde informatique et de ses ordinateurs embl\u00e9matiques. D&#8217;abord log\u00e9es dans une ancienne usine de cornichons, les activit\u00e9s d\u00e9butent \u00e0 Poughkeepsie en 1941, et \u00e9voluent au gr\u00e9 des besoins, de la guerre, de la paix, des inventions, \u00e9volutions rapport\u00e9es dans un r\u00e9cit au titre explicite du d\u00e9partement de la communication d\u2019IBM: <a href=\"https:\/\/www.tech-insider.org\/mainframes\/research\/1995\/0110.html\" target=\"_blank\" rel=\"noopener\">IBM Poughkeepsie&#8230; from munitions to mainframes!<\/a> ou<em> IBM Poughkeepsie&#8230; des armes aux ordinateurs centraux!<\/em> dans notre langue: \u00abSitu\u00e9e dans la pittoresque vall\u00e9e de la rivi\u00e8re Hudson, dans l&#8217;\u00c9tat de New York, IBM Poughkeepsie a \u00e9t\u00e9 le si\u00e8ge du d\u00e9veloppement et de la fabrication de fusils, de machines \u00e0 \u00e9crire \u00e9lectriques, de perforatrices, de calculatrices, de lecteurs de bandes, de logiciels pour grands syst\u00e8mes et d&#8217;ordinateurs centraux\u00bb.<\/p>\n<p>Nous sommes d\u00e9but 1957 lorsque le jeune couple s\u2019installe dans la ville au nom am\u00e9rindien fi\u00e8rement autoproclam\u00e9e par ses habitants <em>Queen City of the Hudson.<\/em> Le mari de Marielle Stamm \u00e9tait chercheur en informatique. \u00abIls inventaient les nouveaux ordinateurs, ils \u00e9tudiaient la deuxi\u00e8me g\u00e9n\u00e9ration, suivant celle des \u00abmammouths\u00bb qui remplissaient des pi\u00e8ces enti\u00e8res comme les gros UNIVAC\u00bb. La gigantesque anatomie, le fonctionnement, les prouesses d\u2019automatisation et de rapidit\u00e9 apport\u00e9es par ce premier ordinateur commercial dans le traitement des donn\u00e9es, sont \u00e0 voir dans ce passionnant <a href=\"https:\/\/www.youtube.com\/watch?v=j2fURxbdIZs\" target=\"_blank\" rel=\"noopener\">film promotionnel r\u00e9alis\u00e9 par Remington-Rand<\/a> entre 1950 et 1952. On observe une machine capable de calculer toutes les op\u00e9rations li\u00e9es au paiement du salaire de milliers d\u2019employ\u00e9s, jusqu\u2019\u00e0 l\u2019\u00e9mission du ch\u00e8que de paie. Une \u00e9vidence aujourd\u2019hui, une perc\u00e9e il y a septante ans! Mais l\u2019UNIVAC doit sa notori\u00e9t\u00e9 \u00e0 une pr\u00e9vision politique inattendue, qui simultan\u00e9ment permettra au grand public de d\u00e9couvrir la puissance des ordinateurs (<a href=\"https:\/\/www.payot.ch\/Detail\/histoire_illustree_de_linformatique-emmanuel_lazard-9782759823758?cId=0\" target=\"_blank\" rel=\"noopener\">Histoire illustr\u00e9e de l\u2019informatique<\/a>, p. 118). En 1952, pendant que Marielle Stamm \u00e9tudie le droit en attendant de se plonger dans le monde des sciences politiques, l\u2019<a href=\"https:\/\/en.wikipedia.org\/wiki\/UNIVAC_I\" target=\"_blank\" rel=\"noopener\">UNIVAC<\/a> I de la compagnie CBS pr\u00e9dit correctement l\u2019issue de l&#8217;\u00e9lection pr\u00e9sidentielle am\u00e9ricaine sur la base d\u2019un \u00e9chantillon d&#8217;\u00e0 peine 5,5% du nombre d&#8217;\u00e9lecteurs: victoire facile du texan Dwight Eisenhower alors que le sondage final de Gallup le donnait vainqueur 51 \u00e0 49 \u00e0 l\u2019issue d\u2019un match serr\u00e9 contre son opposant le d\u00e9mocrate Adlai Stevenson. On croit que l\u2019ordinateur dysfonctionne. Le r\u00e9sultat tombe, la machine avait raison: \u00e9crasante victoire du r\u00e9publicain.<\/p>\n<p>Les IBM 360. \u00abLa deuxi\u00e8me g\u00e9n\u00e9ration d\u2019ordinateurs sur laquelle travaillait mon premier mari \u00e9tait faite d\u2019ordinateurs plus petits que l\u2019on a appel\u00e9s en bref les 360, les <em>three-sixty.<\/em> A l\u2019\u00e9poque IBM n\u2019\u00e9tait pas encore le premier constructeur d\u2019informatique. Il l\u2019est devenu avec les 360, mis sur le march\u00e9 en 1964, puis les 370, d\u00e8s 1970\u00bb. IBM commercialisera jusqu\u2019\u00e0 onze mod\u00e8les de l\u2019IBM 360. Entre 1964 et 1970, il s\u2019en vendra pas moins de trente-cinq mille exemplaires, soit \u00abplus de 70% des ordinateurs install\u00e9s dans le monde\u00bb, peut-on lire dans <a href=\"https:\/\/www.museebolo.ch\/les-expositions\/disparition-programmee\/\" target=\"_blank\" rel=\"noopener\">Disparition programm\u00e9e. Le Mus\u00e9e Bolo m\u00e8ne l\u2019enqu\u00eate<\/a> co-\u00e9crit par Marielle Stamm et Yves Bolognini, en 2013.[\/vc_column_text][\/vc_column_inner][\/vc_row_inner][vc_row_inner limit_content=&#8221;&#8221;][vc_column_inner column_width_percent=&#8221;80&#8243; position_horizontal=&#8221;left&#8221; gutter_size=&#8221;3&#8243; overlay_alpha=&#8221;50&#8243; shift_x=&#8221;0&#8243; shift_y=&#8221;0&#8243; shift_y_down=&#8221;0&#8243; z_index=&#8221;0&#8243; medium_width=&#8221;0&#8243; mobile_width=&#8221;0&#8243; width=&#8221;1\/1&#8243; uncode_shortcode_id=&#8221;200612&#8243;][vc_single_image media=&#8221;11428&#8243; caption=&#8221;yes&#8221; media_width_percent=&#8221;100&#8243; uncode_shortcode_id=&#8221;102371&#8243;][\/vc_column_inner][\/vc_row_inner][vc_row_inner limit_content=&#8221;&#8221;][vc_column_inner column_width_percent=&#8221;80&#8243; position_horizontal=&#8221;left&#8221; gutter_size=&#8221;3&#8243; overlay_alpha=&#8221;50&#8243; shift_x=&#8221;0&#8243; shift_y=&#8221;0&#8243; shift_y_down=&#8221;0&#8243; z_index=&#8221;0&#8243; medium_width=&#8221;0&#8243; mobile_width=&#8221;0&#8243; width=&#8221;1\/1&#8243; uncode_shortcode_id=&#8221;200612&#8243;][vc_column_text uncode_shortcode_id=&#8221;167135&#8243;]Le 360, une r\u00e9volution! Mais surtout une amorce dans le chemin de vie de Marielle Stamm. L\u2019informatique peu \u00e0 peu s\u2019infiltre dans son univers. \u00abC\u2019est quoi un 360?\u00bb, curieuse, s\u2019int\u00e9ressant \u00e0 tout ce qui l\u2019entoure, la jeune femme pose des questions. \u00abJ\u2019\u00e9tais confront\u00e9e \u00e0 l\u2019informatique tout le temps car j\u2019en entendais toujours parler, mais je n\u2019y comprenais rien. Je posais des questions, on ne me r\u00e9pondait pas toujours, et je ne comprenais pas grand chose. C\u2019\u00e9tait tr\u00e8s compliqu\u00e9 ces grosses machines, ces gros programmes.\u00bb. Et pourtant, ch\u00e8re Marielle Stamm, quelle formidable vulgarisatrice de ce monde qui vous \u00e9chappait vous deviendrez!<\/p>\n<p>Lorsque Marielle Stamm foule pour la premi\u00e8re fois le sol am\u00e9ricain, en 1957, elle d\u00e9couvre avec plaisir des mani\u00e8res de vivre diff\u00e9rentes. \u00abJ\u2019\u00e9tais parachut\u00e9e dans un autre monde. Je d\u00e9couvrais la soci\u00e9t\u00e9 de consommation, les magasins, les nouvelles mani\u00e8res de s\u2019alimenter, les Am\u00e9ricains, le base-ball, la t\u00e9l\u00e9vision. Et j\u2019ai beaucoup aim\u00e9!\u00bb. La journ\u00e9e, elle apprenait l\u2019anglais en regardant la t\u00e9l\u00e9vision, elle voisinait avec d\u2019autres <em>housewifes,<\/em> \u00e9pouses d\u2019employ\u00e9s IBM, \u00abPoughkeepsie \u00e9tait exclusivement peupl\u00e9e de salari\u00e9s IBM\u00bb.<\/p>\n<p>Marielle Stamm, toujours curieuse, a commenc\u00e9 par suivre quelques cours au Vassar College (o\u00f9 \u00e9tudia et enseigna jusqu\u2019\u00e0 la fin de la guerre une certaine <a href=\"https:\/\/www.vassar.edu\/vcencyclopedia\/alumni\/grace-murray-hopper.html\" target=\"_blank\" rel=\"noopener\">Grace Hopper<\/a>, immense pionni\u00e8re de la programmation, qui s\u2019effraya lorsqu\u2019elle vit son premier\u2026 UNIVAC. Un monstre!). Quelques cours, pas longtemps, car rapidement un enfant s\u2019annonce, et la famille rentre en France, \u00e0 Marseille. Le couple accueille un petit gar\u00e7on. Malgr\u00e9 le chamboulement que repr\u00e9sente cette naissance, et l\u2019organisation exigeante li\u00e9e aux premi\u00e8res ann\u00e9es, Marielle Stamm finit Sciences-Po. \u00abCela a \u00e9t\u00e9 tr\u00e8s compliqu\u00e9. Je suivais des cours, je rentrais chez moi en train, je faisais chauffer le biberon. Plus jeunes, j\u2019avais perdu deux ans, mes camarades \u00e9tudiants sortaient, s\u2019amusaient dans Paris, et moi vite, vite je rentrais dans ma banlieue. En 1958-1959, il y avait d\u2019autres filles qui \u00e9tudiaient \u00e0 Sciences-Po, mais je n\u2019avais pas le temps de me faire des amies. Les derniers mois avant l\u2018examen, mon fils est rest\u00e9 chez ma m\u00e8re \u00e0 Marseille, mais j\u2019ai eu mon dipl\u00f4me\u00bb dit-elle affichant un immense sourire. Bravo Mme Stamm! \u00abOr, je n\u2019en n\u2019ai rien fait! Mais ces \u00e9tudes m\u2019ont beaucoup aid\u00e9e dans mon m\u00e9tier de journaliste\u00bb.<\/p>\n<h4>Des machines et des femmes<\/h4>\n<p>Grand sp\u00e9cialiste des IBM 360, le premier mari de Marielle Stamm voyage beaucoup. La famille repart \u00e0 Poughkeepsie, o\u00f9 na\u00eetra en 1962 la premi\u00e8re fille du couple. Marielle Stamm d\u00e9couvre la vie de jeune maman <em>\u00ab\u00e0 l\u2019am\u00e9ricaine!\u00bb.<\/em> De cette ville qui les accueille pour la seconde fois, et qui a \u00e9volu\u00e9, Marielle Stamm raconte: \u00abPoughkeepsie c\u2019\u00e9tait le c\u0153ur d\u2019IBM dans les ann\u00e9es 60. A l\u2019\u00e9poque s\u2019y trouvait la plus grande entreprise, non pas de micro-processeurs, \u00e7a n\u2019existait pas encore, puisque le premier micro-processeur commercialis\u00e9 sera l\u2019<a href=\"https:\/\/www.museebolo.ch\/memoires_vives\/le-microprocesseur-intel-4004-50-ans-deja\/\" target=\"_blank\" rel=\"noopener\">Intel 4004 en 1971<\/a>, mais de semi-conducteurs. L\u2019usine \u00e9tait peupl\u00e9e de femmes qui connectaient ces semi-conducteurs sur des plaquettes de silicium, avec des fers \u00e0 souder. Par la suite, ce furent encore des femmes qui faisaient des petits trous dans les cartes perfor\u00e9es. On les appelait <em>les perforatrices.<\/em> La femme et la machine portaient le m\u00eame nom\u00bb explique la future pionni\u00e8re du journalisme informatique, dont le captivant <a href=\"https:\/\/www.museebolo.ch\/les-expositions\/disparition-programmee\/\" target=\"_blank\" rel=\"noopener\">Disparition programm\u00e9e<\/a> (p.64) nous informe que la carte perfor\u00e9e, \u00abinspir\u00e9e des m\u00e9tiers \u00e0 tisser Jacquard, a \u00e9t\u00e9 la premi\u00e8re m\u00e9moire de stockage, dite m\u00e9moire de masse. La carte brevet\u00e9e par IBM en 1926 comportait 80 colonnes et 12 lignes. Mises bout \u00e0 bout, les cartes perfor\u00e9es n\u00e9cessaires pour stocker l\u2019\u00e9quivalent d\u2019un t\u00e9raoctet, taille courante d\u2019un disque dur d\u2019aujourd\u2019hui (2013), constitueraient un ruban qui ferait 64 fois le tour de la terre!\u00bb. La miniaturisation et les progr\u00e8s r\u00e9alis\u00e9s dans les m\u00e9moires ont du bon!<\/p>\n<p><em>Computers.<\/em> Un therme qui a d\u2019abord d\u00e9sign\u00e9 les femmes qui effectuaient des t\u00e2ches math\u00e9matiques complexes et r\u00e9p\u00e9titives avant l\u2019arriv\u00e9e des machines \u00e9ponymes qui les remplaceront. <a href=\"https:\/\/www.payot.ch\/Detail\/combien_de_pas_jusqua_la_lune_-carole_trebor_-9782226443427\" target=\"_blank\" rel=\"noopener\">Katherine Johnson<\/a> et ses extraordinaires calculs qui ont permis \u00e0 Neil Armstrong et Buzz Aldrin de fouler le sol lunaire, et d\u2019en revenir (!), est sans doute la plus connue des <em>computers.<\/em> Le film <a href=\"https:\/\/www.youtube.com\/watch?v=h4aFS2t74oE\" target=\"_blank\" rel=\"noopener\">Les figures de l\u2019ombre<\/a> a r\u00e9v\u00e9l\u00e9 l\u2019histoire, les conqu\u00eates, et les batailles, de cette pionni\u00e8re et de ses coll\u00e8gues Dorothy Vaughan et Mary Jackson, n\u00e9es dans un sud des Etats-Unis o\u00f9 la s\u00e9gr\u00e9gation raciale faisait loi. Dorothy Vaughan, sp\u00e9cialiste de Fortran, avait pressenti le remplacement des femmes-computers par des machines-computers d\u00e8s le d\u00e9but des ann\u00e9es soixante. Mary Jackson, deviendra la premi\u00e8re femme afro-am\u00e9ricaine ing\u00e9nieure \u00e0 la NASA, dont le si\u00e8ge \u00e0 Washington DC porte le nom. Trois amies math\u00e9maticiennes, comme les <a href=\"https:\/\/vimeo.com\/ondemand\/eniac6\" target=\"_blank\" rel=\"noopener\">Six programmeuses de l\u2019ENIAC<\/a> qui elles aussi avaient d\u00e9but\u00e9 leur carri\u00e8re comme computers: \u00abWe computed, we were computers\u00bb dira Marilyn Wescoff Meltzer dans le passionnant, et poignant documentaire consacr\u00e9 en 2016 \u00e0 ces autres femmes de l\u2019ombre.<\/p>\n<p><em>Les perforatrices, les computers.<\/em> Il est encore un autre domaine de l\u2019informatique o\u00f9, avant l\u2019arriv\u00e9e des micro-processeurs, les femmes jou\u00e8rent un r\u00f4le essentiel, et m\u00e9connu: les tricoteuses (ou les crocheteuses?) des superordinateurs Cray, con\u00e7us par Seymour Cray, et construits \u00e0 Chippewa Falls dans le Wisconsin. Elles accomplissaient tout le travail de pr\u00e9cision: la coupe, le montage, la connexion de milliers de fils. Travail enti\u00e8rement r\u00e9alis\u00e9 \u00e0 la main, avec un crochet. Un \u00e9cheveau dense et compliqu\u00e9 compos\u00e9 de milliers et de milliers de fils bleus et blancs. \u00abThese ladies would knit the machines together in a sense, they were doing the wiring. (\u2026) These ladies were so good that they could make the machines absolutely error-free\u00bb se souvient John Rollwagen, CEO de Cray Research, dans <a href=\"https:\/\/m.youtube.com\/watch?v=wn03wn3k47Y\" target=\"_blank\" rel=\"noopener\">Cray Research &#8211; A Story of the Supercomputer<\/a>, (13:00 \u00e0 17:15), documentaire o\u00f9 l\u2019on d\u00e9couvre le t\u00e9moignage de ces femmes remarquablement habiles. \u00abWe all did pretty good!\u00bb conclut l\u2019une d\u2019elles. Effectivement![\/vc_column_text][\/vc_column_inner][\/vc_row_inner][vc_row_inner limit_content=&#8221;&#8221;][vc_column_inner column_width_percent=&#8221;80&#8243; position_horizontal=&#8221;left&#8221; gutter_size=&#8221;3&#8243; overlay_alpha=&#8221;50&#8243; shift_x=&#8221;0&#8243; shift_y=&#8221;0&#8243; shift_y_down=&#8221;0&#8243; z_index=&#8221;0&#8243; medium_width=&#8221;0&#8243; mobile_width=&#8221;0&#8243; width=&#8221;1\/1&#8243; uncode_shortcode_id=&#8221;200612&#8243;][vc_single_image media=&#8221;11550&#8243; caption=&#8221;yes&#8221; media_width_use_pixel=&#8221;yes&#8221; uncode_shortcode_id=&#8221;841077&#8243; media_width_pixel=&#8221;500&#8243;][\/vc_column_inner][\/vc_row_inner][vc_row_inner limit_content=&#8221;&#8221;][vc_column_inner column_width_percent=&#8221;80&#8243; position_horizontal=&#8221;left&#8221; gutter_size=&#8221;3&#8243; overlay_alpha=&#8221;50&#8243; shift_x=&#8221;0&#8243; shift_y=&#8221;0&#8243; shift_y_down=&#8221;0&#8243; z_index=&#8221;0&#8243; medium_width=&#8221;0&#8243; mobile_width=&#8221;0&#8243; width=&#8221;1\/1&#8243; uncode_shortcode_id=&#8221;200612&#8243;][vc_column_text uncode_shortcode_id=&#8221;270164&#8243;]Un Cray-2 est visible au <a href=\"https:\/\/www.museebolo.ch\/\" target=\"_blank\" rel=\"noopener\">Mus\u00e9e Bolo<\/a> o\u00f9 il coule une retraite paisible apr\u00e8s 43\u2019000 heures de service \u00e0 haute vitesse \u00e0 l\u2019EPFL.<\/p>\n<h4>Destination Tokyo<\/h4>\n<p>Encore une fois, la famille fait ses valise, destination Tokyo! Le mari de Marielle Stamm a la charge de l\u2019informatisation des Jeux Olympiques d\u2019\u00e9t\u00e9 de 1964. \u00abC\u2019\u00e9tait la premi\u00e8re fois que les r\u00e9sultats \u00e9lectroniques \u00e9taient affich\u00e9s dans le stade\u00bb. Le pays du soleil levant verra la naissance de leur seconde fille, leur troisi\u00e8me enfant. Marielle Stamm aime la culture nippone, baragouine en japonais. Les Jeux sont finis. On a \u00e9teint la flamme, la famille rentre en France. \u00abUn jour je suis all\u00e9e \u00e0 la mairie du V\u00e9sinet o\u00f9 j\u2019habitais \u00e0 l\u2019\u00e9poque. La personne \u00e0 l\u2019accueil me demande: \u00abEt o\u00f9 sont n\u00e9s vos enfants? Je r\u00e9ponds: \u00abMarseille, Poughkeepsie, Tokyo\u00bb. Elle ouvre grand ses yeux et me demande: \u00abVous y \u00e9tiez?\u00bb\u00bb. Eclats de rires. J\u2019en ris encore en \u00e9crivant ces lignes. On comprend bien que la r\u00e9action de l\u2019employ\u00e9e de la mairie n\u2019est pas \u00e0 prendre au pied de la lettre mais il faut admettre que la question est cocasse. \u00abA l\u2019id\u00e9e que j\u2019avais s\u00e9journ\u00e9 dans ces pays, elle \u00e9tait \u00e9poustoufl\u00e9e\u00bb.[\/vc_column_text][\/vc_column_inner][\/vc_row_inner][vc_row_inner limit_content=&#8221;&#8221;][vc_column_inner column_width_percent=&#8221;80&#8243; position_horizontal=&#8221;left&#8221; gutter_size=&#8221;3&#8243; overlay_alpha=&#8221;50&#8243; shift_x=&#8221;0&#8243; shift_y=&#8221;0&#8243; shift_y_down=&#8221;0&#8243; z_index=&#8221;0&#8243; medium_width=&#8221;0&#8243; mobile_width=&#8221;0&#8243; width=&#8221;1\/1&#8243; uncode_shortcode_id=&#8221;200612&#8243;][vc_single_image media=&#8221;11436&#8243; caption=&#8221;yes&#8221; media_lightbox=&#8221;yes&#8221; media_width_use_pixel=&#8221;yes&#8221; lbox_skin=&#8221;white&#8221; uncode_shortcode_id=&#8221;155541&#8243; media_width_pixel=&#8221;600&#8243;][\/vc_column_inner][\/vc_row_inner][vc_row_inner limit_content=&#8221;&#8221;][vc_column_inner column_width_percent=&#8221;80&#8243; position_horizontal=&#8221;left&#8221; gutter_size=&#8221;3&#8243; overlay_alpha=&#8221;50&#8243; shift_x=&#8221;0&#8243; shift_y=&#8221;0&#8243; shift_y_down=&#8221;0&#8243; z_index=&#8221;0&#8243; medium_width=&#8221;0&#8243; mobile_width=&#8221;0&#8243; width=&#8221;1\/1&#8243; uncode_shortcode_id=&#8221;200612&#8243;][vc_separator sep_color=&#8221;color-206210&#8243; icon_position=&#8221;left&#8221; uncode_shortcode_id=&#8221;111153&#8243; sep_color_type=&#8221;uncode-palette&#8221; el_width=&#8221;100%&#8221; el_height=&#8221;2px&#8221;][vc_custom_heading text_size=&#8221;h1&#8243; text_weight=&#8221;300&#8243; uncode_shortcode_id=&#8221;533457&#8243;]1969-1973: Les ann\u00e9es SESA[\/vc_custom_heading][\/vc_column_inner][\/vc_row_inner][vc_row_inner limit_content=&#8221;&#8221;][vc_column_inner column_width_percent=&#8221;80&#8243; position_horizontal=&#8221;left&#8221; gutter_size=&#8221;3&#8243; overlay_alpha=&#8221;50&#8243; shift_x=&#8221;0&#8243; shift_y=&#8221;0&#8243; shift_y_down=&#8221;0&#8243; z_index=&#8221;0&#8243; medium_width=&#8221;0&#8243; mobile_width=&#8221;0&#8243; width=&#8221;1\/1&#8243; uncode_shortcode_id=&#8221;200612&#8243;][vc_column_text uncode_shortcode_id=&#8221;392689&#8243;]<\/p>\n<h2>\u00abJe voulais un job!\u00bb<\/h2>\n<p>Un long parcours du combattant attendait Marielle Stamm avant que les portes de la SESA, <em>Soci\u00e9t\u00e9 d\u2019Etudes des Syst\u00e8mes automatis\u00e9s,<\/em> ne s\u2019ouvrent \u00e0 elle, au bout d\u2019un chemin rocailleux, jalonn\u00e9 toutefois d\u2019heureuses rencontres. D\u00e9sormais employ\u00e9e, elle deviendra actrice du monde informatique, et non plus seulement spectatrice depuis son domicile conjugal.<\/p>\n<h3>\u00abJ\u2019ai fait un stage d\u2019informatique. On m\u2019a fait faire un programme en COBOL. Il n\u2019a jamais march\u00e9!\u00bb<\/h3>\n<p>\u00abJe songeais \u00e0 divorcer, mais je venais d\u2019un milieu o\u00f9 l\u2019on ne divor\u00e7ait pas. On m\u2019en a dissuad\u00e9e. Maintenant on divorce pour un oui pour un non. C\u2019\u00e9tait l\u2019\u00e9poque, une autre g\u00e9n\u00e9ration. La pression sociale \u00e9tait terrible. J\u2019ai mis dix ans \u00e0 obtenir le divorce. Je ne cherchais pas \u00e0 toucher une pension alimentaire, je voulais travailler, trouver un job. On \u00e9tait en 1968; \u00e7a bougeait beaucoup\u00bb.<\/p>\n<p>Une recherche d\u2019emploi qui s\u2019est mu\u00e9e en parcours du combattant. Marielle Stamm r\u00e9pondait aux annonces, et tout ce qu\u2019on lui proposait c\u2019\u00e9taient des postes de secr\u00e9taires, malgr\u00e9 sa licence en droit, son dipl\u00f4me de Sciences-Po et son anglais parfait. \u00abAvant de travailler j\u2019ai voulu m\u2019occuper, et j\u2019ai fait l\u2019\u00e9cole du Louvre que j\u2019ai ador\u00e9e\u00bb dit-elle des \u00e9toiles dans les yeux. \u00abOn m\u2019a m\u00eame propos\u00e9 d\u2019\u00eatre l\u2019assistante de la conservatrice des dessins du Louvre, mais j\u2019\u00e9tais press\u00e9e de gagner ma vie\u00bb. Toutefois, un refrain tourne en boucle dans la bouche de ses interlocuteurs: secr\u00e9taire, secr\u00e9taire, secr\u00e9taire. Pourquoi? \u00abL\u2019\u00e9quation \u00e9tait simplissime. J\u2019\u00e9tais une femme donc je ne pouvais qu\u2019\u00eatre secr\u00e9taire ou h\u00f4tesse d\u2019accueil. Au Ritz, par exemple pour r\u00e9pondre au t\u00e9l\u00e9phone \u00e0 c\u00f4t\u00e9 du concierge. On m\u2019a propos\u00e9 cet emploi alors que mes anciens camarades de Sciences-Po de l\u2019autre sexe obtenaient des emplois de directeurs\u00bb.<\/p>\n<p>N\u2019ayant pu trouver le travail tant convoit\u00e9 ni par ses propres moyens, ni par les petites annonces, Marielle Stamm d\u00e9croche son t\u00e9l\u00e9phone et tire les cordons de sonnettes de tous les amis de son mari. \u00abJe leur disais: \u00abJe cherche un job est-ce que vous auriez quelque chose \u00e0 me proposer?\u00bb\u00bb. \u00abL\u00e0 encore, c\u2019est le hasard\u00bb dit-elle avec douceur. Et peut-\u00eatre avec gratitude, je me permets de l\u2019avancer comme hypoth\u00e8se, lorsqu\u2019elle \u00e9voque r\u00e9guli\u00e8rement ce hasard qui a ordonn\u00e9 les pi\u00e8ces de sa vie. <em>Connect the dots<\/em> dira Steve Jobs dans une d\u00e9sormais c\u00e9l\u00e8bre allocution aux \u00e9tudiants fra\u00eechement dipl\u00f4m\u00e9s de Stanford. Pour Marielle Stamm, ce jour-l\u00e0, le hasard rev\u00eatait le costume de Maurice All\u00e8gre, charg\u00e9 du Plan Calcul, un grand plan lanc\u00e9 en 1966 par l\u2019\u00e9tat fran\u00e7ais pour informatiser le pays (<a href=\"https:\/\/www.payot.ch\/Detail\/histoire_illustree_de_linformatique-emmanuel_lazard-9782759823758?cId=0\" target=\"_blank\" rel=\"noopener\">Histoire illustr\u00e9e de l\u2019informatique<\/a>, p. 173), et ami de la cit\u00e9 universitaire. Il n\u2019avait pas d\u2019emploi \u00e0 lui proposer mais lui a donn\u00e9 un conseil en or: \u00abFais un stage en informatique, pour avoir un papier!\u00bb. \u00abOn est dans les ann\u00e9es soixante donc bien avant la micro-informatique!\u00bb rel\u00e8ve-t-elle amus\u00e9e. \u00abIl m\u2019a inscrite dans ce stage destin\u00e9 uniquement \u00e0 des responsables de l\u2019administration, pour leur donner un vernis informatique car \u00e0 l\u2019\u00e9poque il n\u2019y avait encore aucune formation dans cette discipline. J\u2019y ai fait la connaissance d\u2019inspecteurs des finances, moi je n\u2019\u00e9tais rien, j\u2019\u00e9tais la femme de mon mari. Il m\u2019a catapult\u00e9e dans ce cours de trois mois obtenu par piston\u00bb. Constat en demi-teinte. \u00abEt je n\u2019ai rien appris! C\u2019\u00e9tait bidon! On m\u2019a fait faire un programme en COBOL. Il n\u2019a jamais march\u00e9!\u00bb. Marielle Stamm obtient pourtant un certificat de stage, un pr\u00e9cieux s\u00e9same qui lui permettra d\u2019\u00eatre engag\u00e9e par une soci\u00e9t\u00e9 d\u2019informatique \u00e0 Paris: la SESA, ou <em>Soci\u00e9t\u00e9 d\u2019Etudes des Syst\u00e8mes automatis\u00e9s,<\/em> cofond\u00e9e en 1964 par Jacques Stern, futur patron de Marielle Stamm. Il dirigera sa soci\u00e9t\u00e9 jusqu\u2019en 1982 pour reprendre la direction de Honeywell-Bull. D\u00e9velopp\u00e9e autour de l\u2019id\u00e9e d\u2019informatique appliqu\u00e9e \u00e0 la r\u00e9solution d\u2019un probl\u00e8me, la SESA deviendra un fleuron des soci\u00e9t\u00e9s de services et d\u2019ing\u00e9nierie en Informatique (SSII) fran\u00e7aises, ainsi les nommait-on jusqu\u2019en 2013, et r\u00e9alisera notamment le r\u00e9seau de compensation interbancaire, \u00able p\u00e9age automatique pour le m\u00e9tro et le RER \u00e0 Paris, ou l\u2019annuaire \u00e9lectronique du Minitel. Mais sa r\u00e9alisation la plus embl\u00e9matique reste le r\u00e9seau public de transmissions des donn\u00e9es Transpac, l\u2019anc\u00eatre d\u2019Internet\u00bb \u00e9crit <a href=\"http:\/\/referentiel.nouvelobs.com\/archives_pdf\/OBS1230_19880603\/OBS1230_19880603_079.pdf\" target=\"_blank\" rel=\"noopener\">Jacques Arnould<\/a>, autre fondateur de la SESA, dans un portrait \u00e0 la m\u00e9moire de <a href=\"https:\/\/www.lajauneetlarouge.com\/jacques-stern-52-personnalite-marquante-de-lindustrie-informatique\/\" target=\"_blank\" rel=\"noopener\">Jacques Stern<\/a> d\u00e9c\u00e9d\u00e9 en 2021.<\/p>\n<p>La conqu\u00eate du march\u00e9 du travail n\u2019\u00e9tait pas encore gagn\u00e9e. Marielle Stamm rappelle Maurice All\u00e8gre: \u00abAh bon tu cherches vraiment un job, je croyais que tu voulais simplement t\u2019occuper?\u00bb. Elle, d\u2019une t\u00e9nacit\u00e9 qui l\u2019honore, tout au long de son parcours de combattante, car on comprend \u00e0 travers son r\u00e9cit combien Marielle Stamm, femme, portait le poids des pr\u00e9jug\u00e9s et des contraintes li\u00e9s \u00e0 son genre, o\u00f9 d\u2019aucunes auraient rapidement jet\u00e9 l\u2019\u00e9ponge, r\u00e9pond: \u00abMais si c\u2019est tr\u00e8s s\u00e9rieux, je veux divorcer et je veux travailler\u00bb. \u00abIl \u00e9tait X, polytechnicien, et a appel\u00e9 un ami de promotion, pour me recommander \u00e0 lui\u00bb. Ce dernier l\u2019invite \u00e0 d\u00e9jeuner\u2026 avec son mari, dans l\u2019intention de d\u00e9baucher\u2026 le mari! \u00abMoi je ne l\u2019int\u00e9ressais pas\u00bb. Mais le mari qui avait d\u2019autres ambitions, a d\u00e9clin\u00e9 l\u2019offre. Alors, Jacques Stern s\u2019est rabattu sur Marielle Stamm et l\u2019a embauch\u00e9e avec le titre vague d\u2019attach\u00e9e de direction, mais sans aucune mission! \u00abDans son esprit, il pensait que j\u2019allais rabattre des clients gr\u00e2ce aux relations de mon mari. Alors, comme je n\u2019avais rien \u00e0 faire, j\u2019ai demand\u00e9 des crayons et un taille-crayon \u00e0 la secr\u00e9taire de mon nouveau patron, Jacques Stern\u00bb.<\/p>\n<h3>\u00abJ\u2019ai acquis la terminologie de l\u2019informatique, \u00abun excellent vernis\u00bb!\u00bb<\/h3>\n<p>\u00abLe premier jour, j\u2019ai pass\u00e9 toute la matin\u00e9e \u00e0 les tailler en me posant la question: \u00abQu\u2019est-ce que je pourrais bien faire?\u00bb, et je taillais mes crayons. La secr\u00e9taire qui m\u2019avait vue arriver d\u2019un tr\u00e8s mauvais \u0153il pensant que je lui ferais de l\u2019ombre, alors qu\u2019elle \u00e9tait LA secr\u00e9taire de direction, a pris une pile de courrier et me l\u2019a donn\u00e9e en disant: \u00ab\u00c7a je ne sais pas quoi en faire!\u00bb; c\u2019\u00e9taient des demandes d\u2019emploi, de la publicit\u00e9, tout ce que l\u2019on met d\u2019habitude dans la corbeille \u00e0 papier. J\u2019ai lu les journaux et j\u2019ai fait une revue de presse \u00e0 l\u2019intention du personnel dirigeant. D\u00e8s qu\u2019on parlait d\u2019informatique, je coupais, je collais. Apr\u00e8s la revue de presse, j\u2019ai fait un journal d\u2019entreprise, relatant les activit\u00e9s de chacun. Par la suite, d\u00e8s 1972, j\u2019ai cr\u00e9\u00e9 Les Cahiers SESA. \u00abSi vous voulez vous faire conna\u00eetre, fabriquons un magazine, \u00e0 l\u2019instar d\u2019IBM, diffusons-le aupr\u00e8s de vos clients et de vos prospects\u00bb ai-je dit \u00e0 mon patron\u00bb.[\/vc_column_text][vc_single_image media=&#8221;11442&#8243; caption=&#8221;yes&#8221; media_width_percent=&#8221;100&#8243; uncode_shortcode_id=&#8221;210159&#8243;][vc_column_text uncode_shortcode_id=&#8221;485961&#8243;]\u00abJ\u2019ai \u00e9galement contact\u00e9 les journalistes scientifiques (ils n\u2019\u00e9taient pas encore sp\u00e9cialis\u00e9s en informatique!) et je leur ai dit: \u00abVoulez-vous rencontrer mon patron, il a des tas de choses \u00e0 raconter?\u00bb\u00bb narre-t-elle en souriant. \u00abOn les invitait \u00e0 d\u00e9jeuner et moi, j\u2019accompagnais mon boss. J\u2019ai tout appris gr\u00e2ce \u00e0 lui. Il expliquait l\u2019informatique aux journalistes et moi j\u2019apprenais en l\u2019\u00e9coutant car il \u00e9tait passionnant. C\u2019\u00e9tait un homme remarquable, j\u2019ai eu beaucoup de chance. Si je reviens sur ma vie, j\u2019ai toujours fait des rencontres par hasard, ou pas, qui m\u2019ont permis d\u2019aller chaque fois une \u00e9tape plus loin. Jacques Stern m\u2019a mis le pied \u00e0 l\u2019\u00e9trier de l\u2019informatique. Auparavant d\u00e9j\u00e0, il y avait eu Maurice All\u00e8gre, qui m\u2019avait propos\u00e9 un stage\u00bb. Elle poursuit: \u00abJ\u2019ai \u00e9galement r\u00e9dig\u00e9 des articles pour <em>Le Monde,<\/em> sign\u00e9s Jacques Stern. J\u2019ai toujours \u00e9t\u00e9 la plume de quelqu\u2019un, dans tous mes jobs.\u00bb. A cette \u00e9poque, la SESA \u00e9tait encore une petite soci\u00e9t\u00e9. Elle \u00e9crivait des programmes informatiques pour l\u2019arm\u00e9e, pour l\u2019aviation, des programmes balistiques. \u00abC\u2019\u00e9tait tr\u00e8s cal\u00e9!\u00bb rel\u00e8ve Marielle Stamm. Uniquement du logiciel, pas de <em>hard<\/em>. \u00abJacques Stern me d\u00e9l\u00e9guait partout o\u00f9 il ne me voulait pas aller, notamment au Syntec, le syndicat des Soci\u00e9t\u00e9s de Services. J\u2019y c\u00f4toyais la cr\u00e8me des dirigeants informatiques de l\u2019\u00e9poque\u00bb dit-elle en souriant largement, comme souvent. Nous apprendrons plus tard qu\u2019elle y rencontra l\u2019inventeur d\u2019un mot central dans sa vie: <em>informatique<\/em>.<\/p>\n<p>Ainsi Marielle Stamm apprenait simultan\u00e9ment l\u2019informatique et une forme de journalisme, la vulgarisation scientifique, tout en veillant \u00e0 la promotion de l\u2019entreprise. Jacques Stern lui a fait confiance et l\u2019a suivie dans ses id\u00e9es originales et innovantes pour faire conna\u00eetre la SESA. \u00abJ\u2019ai quand m\u00eame d\u00fb me bagarrer un peu. Il fallait le convaincre. Mais c\u2019\u00e9tait un homme merveilleux. J\u2019avais une profonde admiration pour lui\u00bb.<\/p>\n<h3>\u00abLe job je l\u2019ai cr\u00e9\u00e9! J\u2019ai fait du marketing avant l\u2019heure\u00bb.<\/h3>\n<p>Le r\u00f4le de Marielle Stamm au sein de la SESA \u00e9volue au fil des ans, prend de l\u2019ampleur, de la visibilit\u00e9: \u00abMon titre d\u2019\u00abAttach\u00e9e de direction\u00bb est devenu, pompeusement \u00abDirecteur des Relations Ext\u00e9rieures\u00bb\u00bb. Pas directrice, nous sommes au d\u00e9but des ann\u00e9es 70 et nulle f\u00e9minisation des titres encore \u00e0 l\u2019horizon. \u00abJe faisais toute la promotion. Ce job je l\u2019ai cr\u00e9\u00e9! A partir des crayons\u00bb, dit-elle amus\u00e9e. \u00abJ\u2019ai fait du marketing avant l\u2019heure\u00bb.<\/p>\n<p>Les Cahiers SESA sont n\u00e9s d\u2019une id\u00e9e souffl\u00e9e par Marielle Stamm \u00e0 son patron: \u00abIl faut faire un magazine pour vos clients\u00bb. \u00abEt comme dans ma t\u00eate j\u2019avais toujours IBM, j\u2019ai copi\u00e9 le magazine d\u2019IBM. Je n\u2019ai rien invent\u00e9. Ces cahiers sont devenus ma principale occupation et le succ\u00e8s de la SESA, qui s\u2019\u00e9tait peu \u00e0 peu diversifi\u00e9e dans des syst\u00e8mes plus petits, pour la gestion d\u2019autres entreprises. La soci\u00e9t\u00e9 a suivi l\u2019\u00e9volution de l\u2019informatique avec de plus en plus d\u2019utilisateurs. Il fallait aller les chercher, ce que nous avons fait en leur envoyant ce magazine, gratuitement. C\u2019\u00e9tait un outil marketing fabuleux!\u00bb.[\/vc_column_text][\/vc_column_inner][\/vc_row_inner][vc_row_inner limit_content=&#8221;&#8221;][vc_column_inner column_width_percent=&#8221;80&#8243; position_horizontal=&#8221;left&#8221; gutter_size=&#8221;3&#8243; overlay_alpha=&#8221;50&#8243; shift_x=&#8221;0&#8243; shift_y=&#8221;0&#8243; shift_y_down=&#8221;0&#8243; z_index=&#8221;0&#8243; medium_width=&#8221;0&#8243; mobile_width=&#8221;0&#8243; width=&#8221;1\/1&#8243; uncode_shortcode_id=&#8221;200612&#8243;][vc_column_text uncode_shortcode_id=&#8221;170184&#8243;]<\/p>\n<h2>Art et Informatique<\/h2>\n<h3>1973, une exposition pionni\u00e8re: \u00abOrdinateur et cr\u00e9ation artistique\u00bb<\/h3>\n<p>Une id\u00e9e passe: \u00abC\u2019est int\u00e9ressant ce que l\u2019on fait en mati\u00e8re d\u2019art gr\u00e2ce \u00e0 l\u2019informatique\u00bb. A ces mots de Jacques Stern, sans surprise, les oreilles de Marielle Stamm s\u2019ouvrent: \u00abCe serait bien de faire une exposition sur l\u2019Art et l\u2019Ordinateur\u00bb. \u00abUne id\u00e9e lanc\u00e9e comme un ballon, puis il est pass\u00e9 \u00e0 autre chose\u00bb se souvient l\u2019ancienne \u00e9tudiante de l\u2019Ecole du Louvre. \u00abJe me suis dit: voil\u00e0 une id\u00e9e g\u00e9niale!\u00bb.<\/p>\n<p>L\u2019id\u00e9e deviendra r\u00e9alit\u00e9, sous la forme d\u2019une exposition, une des toutes premi\u00e8res en la mati\u00e8re, dont Marielle Stamm est la curatrice. L\u2019exemplaire N\u00b05 des <em>Cahiers SESA<\/em> d\u2019octobre 1973 en est la mat\u00e9rialisation: \u00abCe num\u00e9ro a \u00e9t\u00e9 r\u00e9alis\u00e9 \u00e0 l\u2019occasion de l\u2019Exposition \u00abOrdinateur et Cr\u00e9ation Artistique\u00bb, premi\u00e8re exposition internationale \u00e0 Paris d\u2019art informatique organis\u00e9e par la SESA du 26 octobre au 3 Novembre 1973, \u00e0 l\u2019Espace Cardin\u00bb lit-on au verso de la premi\u00e8re de couverture illustr\u00e9e d\u2019un des fameux portraits d\u2019Einstein pixellis\u00e9, \u0153uvre du pionnier autrichien <a href=\"https:\/\/fr.wikipedia.org\/wiki\/Herbert_W._Franke\" target=\"_blank\" rel=\"noopener\">Herbert Franke<\/a> (1927-2022).[\/vc_column_text][vc_single_image media=&#8221;11521&#8243; caption=&#8221;yes&#8221; media_width_use_pixel=&#8221;yes&#8221; uncode_shortcode_id=&#8221;143867&#8243; media_width_pixel=&#8221;600&#8243;][vc_column_text uncode_shortcode_id=&#8221;272139&#8243;]Rendez-vous \u00e9tait donc pris dans l\u2019Espace au nom de l\u2019illustre couturier![\/vc_column_text][vc_single_image media=&#8221;11518&#8243; caption=&#8221;yes&#8221; media_width_percent=&#8221;100&#8243; uncode_shortcode_id=&#8221;146480&#8243;][vc_column_text uncode_shortcode_id=&#8221;214176&#8243;]Au carrefour des passions de Marielle Stamm, cet exemplaire N\u00b05 des Cahiers SESA d\u2019octobre 1973, int\u00e9gralement consacr\u00e9 \u00e0 l\u2019art graphique sur ordinateur, a une saveur toute particuli\u00e8re. Mots, art et, plus indirectement la musique. Musique? Car <a href=\"https:\/\/fr.wikipedia.org\/wiki\/Manfred_Mohr\" target=\"_blank\" rel=\"noopener\">Manfred Mohr<\/a> (1938-), pionnier de l\u2019art informatique, conseiller artistique de ce magnifique cahier qui d\u00e9voile et explique quelques \u0153uvres de cet art \u00e9mergent, et \u00e9galement musicien, est une autre de ces heureuses rencontres qui jalonnent la vie de la pianiste passionn\u00e9e, objet de ses lignes.<\/p>\n<p>\u00abC\u2019\u00e9tait une exposition commerciale et confidentielle destin\u00e9e aux clients et aux prospects pour faire la promotion de la SESA. Elle n\u2019a dur\u00e9 que peu de jours, contrairement aux grandes expositions. Raison pour laquelle on en a assez peu parl\u00e9. <a href=\"http:\/\/www.emohr.com\/\" target=\"_blank\" rel=\"noopener\">Manfred Mohr<\/a> ne l\u2019a pas mentionn\u00e9e pas dans la liste des expositions o\u00f9 il figurait, c\u2019est dommage!\u00bb<\/p>\n<h3>Des paroles aux actes<\/h3>\n<p>Comment cette exposition r\u00e9unissant les \u0153uvres de plus de vingt artistes fran\u00e7ais et \u00e9trangers a-t-elle vu le jour? \u00abJe ne sais plus comment j\u2019ai rencontr\u00e9 Manfred Mohr qui est vraiment le pionnier dans cette nouvelle discipline, l\u2019art sur ordinateur. Il m\u2019a confi\u00e9 une liste de noms et m\u2019a sugg\u00e9r\u00e9 de les contacter tous. J\u2019ai re\u00e7u des \u0153uvres du monde entier, du Chili, des Etats-Unis, du Portugal. Manfred Mohr n\u2019a pas fait que me donner des noms, ses \u0153uvres ont aussi \u00e9t\u00e9 un des clous de l\u2019exposition\u00bb.[\/vc_column_text][vc_single_image media=&#8221;11448&#8243; caption=&#8221;yes&#8221; media_width_percent=&#8221;100&#8243; uncode_shortcode_id=&#8221;279823&#8243;][vc_column_text uncode_shortcode_id=&#8221;170459&#8243;]Un pseudo arobase avant l\u2019heure! Marielle Stamm, amus\u00e9e, attire mon attention sur ce d\u00e9tail avant-gardiste de la robe qu\u2019elle portait lors du grand happening organis\u00e9 autour des artistes et de leurs \u0153uvres. Ce fut un grand succ\u00e8s! Un seul b\u00e9mol \u00e0 cette innovante partition: \u00abOn avait command\u00e9 un somptueux buffet \u00e0 l\u2019un des plus grands traiteurs parisiens. Munis de sacs en papier, des personnes non invit\u00e9es ont d\u00e9valis\u00e9 le buffet et sont parties! Tout d\u2019un coup le buffet \u00e9tait vide!\u00bb.<\/p>\n<p>\u00abHerbert Franke, autre pionnier de l\u2019art sur ordinateur, n\u2019a malheureusement n\u2019a pas pu venir \u00e0 l\u2019exposition, mais il m\u2019a envoy\u00e9 des grandes photos que j\u2019ai offertes au Mus\u00e9e Bolo avec les cadres d\u2019origine. Il a r\u00e9dig\u00e9 <a href=\"http:\/\/www.huitric-nahas.org\/texte\/doc_preface_sesa1.htm\" target=\"_blank\" rel=\"noopener\">la pr\u00e9face du Cahier SESA<\/a> et son Einstein pixellis\u00e9 figure en couverture\u00bb.<\/p>\n<p>Une autre pionni\u00e8re pr\u00e9sente \u00e0 l\u2019exposition \u00e9tait <a href=\"https:\/\/fr.wikipedia.org\/wiki\/Vera_Moln%C3%A1r\" target=\"_blank\" rel=\"noopener\">Vera Molnar<\/a> (1924-), \u00abune grande artiste\u00bb, qui troqua ses pinceaux contre un v\u00e9ritable IBM 370, apprend-on dans une vid\u00e9o que lui a consacr\u00e9e le <a href=\"https:\/\/www.centrepompidou.fr\/fr\/videos\/video\/vera-molnar-angles-de-toute-espece-en-desordre-1971\" target=\"_blank\" rel=\"noopener\">Centre Pompidou<\/a>. Elle souhaitait \u00abcr\u00e9er des \u0153uvres qui ne soient pas issues de l\u2019inconscient mais r\u00e9sulter d\u2019un choix calcul\u00e9. Un hasard provoqu\u00e9 et maitris\u00e9\u00bb. Active nonag\u00e9naire, presque centenaire aujourd\u2019hui, on peut l\u2019\u00e9couter dans cette autre vid\u00e9o intitul\u00e9e <a href=\"https:\/\/vimeo.com\/372579247\" target=\"_blank\" rel=\"noopener\">\u00abRandomness\u00bb<\/a>, hasard, petit clin d\u2019\u0153il \u00e0 Marielle Stamm li\u00e9 \u00e0 cette notion qui revient si fr\u00e9quemment dans ses propos. L\u2019artiste explique le r\u00f4le du hasard dans son \u0153uvre, l\u2019al\u00e9a qui lui permet de trouver ce qui lui pla\u00eet, et de choisir, \u00e0 sa guise.[\/vc_column_text][vc_single_image media=&#8221;11450&#8243; caption=&#8221;yes&#8221; media_width_use_pixel=&#8221;yes&#8221; uncode_shortcode_id=&#8221;740166&#8243; media_width_pixel=&#8221;600&#8243;][vc_column_text uncode_shortcode_id=&#8221;172612&#8243;]<\/p>\n<h3>Point encore de micro-ordinateurs<\/h3>\n<p>Comment ces pionniers de l\u2019art informatique travaillaient-ils? Pas encore de micro-ordinateurs avec de beaux \u00e9crans graphiques. Et les imprimantes couleurs n\u2019existaient pas, m\u00eame dans les r\u00eaves les plus fous! La micro-informatique en est \u00e0 ses balbutiements. Janvier 1973, le MICRAL est livr\u00e9 \u00e0 l\u2019INRIA par le concepteur fran\u00e7ais R2E. Commercialis\u00e9 d\u00e8s avril 1973 sous la d\u00e9nomination Micral N, celui qui est consid\u00e9r\u00e9 comme le premier micro-ordinateur bas\u00e9 sur un micro-processeur \u00e9tait du mat\u00e9riel professionnel pour des professionnels, vendu d\u00e9j\u00e0 assembl\u00e9 autour du 8008 CPU. (<a href=\"https:\/\/www.payot.ch\/Detail\/histoire_illustree_de_linformatique-emmanuel_lazard-9782759823758?cId=0\" target=\"_blank\" rel=\"noopener\">Histoire illustr\u00e9e de l\u2019informatique<\/a>, pp. 205-206). Le Micral, Marielle Stamm en parlera un an plus tard dans un des premiers articles qu\u2019elle \u00e9crira en tant que journaliste en informatique. Pour sa part, le <a href=\"https:\/\/www.museebolo.ch\/une-vie-dinventions\/\" target=\"_blank\" rel=\"noopener\">Smaky 1<\/a> con\u00e7u par le pionnier suisse de la micro-informatique, Jean-Daniel Nicoud, sera fonctionnel, sur les bords du L\u00e9man \u00e0 No\u00ebl 1974. L\u2019Apple I na\u00eet un an et demi plus tard seulement d\u2019une vision de Steve Wozniak li\u00e9e \u00e0 la lecture de la fiche technique de l\u2019Intel 8080: \u00abun clavier, un \u00e9cran et une unit\u00e9 de calcul, le tout en un seul appareil, pour un usage domestique\u00bb, devenu r\u00e9alit\u00e9 apr\u00e8s de longues nuits de travail acharn\u00e9 en plus de son travail diurne chez HP, le 29 juin 1975 (<a href=\"https:\/\/www.payot.ch\/Detail\/steve_jobs-walter_isaacson-9782709638326?cId=0\" target=\"_blank\" rel=\"noopener\">Steve Jobs<\/a>, pp. 85-86). Un ordinateur, \u00e0 l\u2019\u00e9poque, \u00e7a se programme, ni interface <em>user friendly,<\/em> ni s\u00e9lection en un clic de souris. \u00abIls \u00e9taient devenus programmeurs eux-m\u00eames et \u00e9crivaient leurs programmes. Manfred Mohr travaillait \u00e0 l\u2019Institut de m\u00e9t\u00e9orologie, en France. Il avait acc\u00e8s \u00e0 ce qu\u2019on appelait \u00e0 l\u2019\u00e9poque des \u00abtables tra\u00e7antes\u00bb de plusieurs m\u00e8tres de long o\u00f9 il imprimait tous ses dessins, il les conceptualisait \u00e0 l\u2019avance\u00bb. <a href=\"https:\/\/www.discovergermany.com\/herbert-w-franke-new-forms-of-artistic-expression\/\" target=\"_blank\" rel=\"noopener\">Herbert Franke<\/a> avait construit son propre syst\u00e8me informatique analogique.<\/p>\n<h3>Visite guid\u00e9e<\/h3>\n<p>L\u2019historienne de l\u2019art pr\u00e9cise, en me recommandant la lecture de l\u2019article <a href=\"https:\/\/interstices.info\/lart-assiste-par-ordinateur\/\" target=\"_blank\" rel=\"noopener\">L\u2019art assist\u00e9 par ordinateur<\/a> (2012), que \u00abpar la suite, bien apr\u00e8s l\u2019exposition de 1973, l\u2019art sur ordinateur a pris le nom d\u2019art num\u00e9rique. On a class\u00e9 cet art dans des cat\u00e9gories. Il y a l\u2019art algorithmique o\u00f9 les \u0153uvres sont programm\u00e9es par les calculs des algoristes, tels les pionniers Manfred Mohr ou Vera Molnar. Dans l\u2019art g\u00e9n\u00e9ratif, l\u2019artiste d\u00e9termine les r\u00e8gles qui g\u00e9n\u00e9reront de mani\u00e8re autonome un r\u00e9sultat sans qu\u2019il n\u2019intervienne dans le processus cr\u00e9atif. Bien que g\u00e9n\u00e9r\u00e9 par le m\u00eame programme, le r\u00e9sultat diff\u00e8rera d\u2019une \u0153uvre \u00e0 l\u2019autre. Ces artistes se distinguent encore de ceux qui utilisent l\u2019intelligence artificielle, ce qui est beaucoup plus r\u00e9cent. Toutes les innovations informatiques ont \u00e9t\u00e9 utilis\u00e9s par les artistes. Herbert Franke, et son portrait d\u2019Einstein pixellis\u00e9, suivait une tout autre d\u00e9marche que celle de Manfred Mohr: la segmentation des couleurs par pixels. Puis il les faisait \u00e9voluer. Sa d\u00e9marche n\u2019\u00e9tait pas purement algorithmique. Les trois Einstein ci-apr\u00e8s font partie du m\u00eame lot. C\u2019est toujours Einstein. Il en a sorti des dizaines. C\u2019est aussi un des avantages de l\u2019informatique, on peut multiplier les effets. Ce qui est aussi int\u00e9ressant, c\u2019est de les voir \u00e9voluer. Ces nouveaux proc\u00e9d\u00e9s ont permis une forme d\u2019automatisation. Da Vinci a peint la Joconde, \u0153uvre unique! Aujourd\u2019hui, on peut faire des copies, de nouveaux tirages, une approche d\u00e9j\u00e0 \u00e9t\u00e9 utilis\u00e9e sans ordinateur par Andy Warhol, figure l\u00e9gendaire du pop art\u00bb. <a href=\"https:\/\/fr.wikipedia.org\/wiki\/Andy_Warhol\" target=\"_blank\" rel=\"noopener\">Andy Warhol<\/a>. Je ne r\u00e9siste pas \u00e0 faire un petit tour sur l\u2019encyclop\u00e9die en ligne si ch\u00e8re \u00e0 notre guide de ce jour; quel proc\u00e9d\u00e9 utilisa-t-il pour sa Marilyn? Quand? \u00abEn mars 1962, Warhol peint ses premiers Dollars en utilisant la s\u00e9rigraphie et compose aussi ses premi\u00e8res s\u00e9ries sur les stars am\u00e9ricaines, comme Marilyn Monroe en ao\u00fbt 1962\u00bb. \u00abInternet est un outil extraordinaire, Wikip\u00e9dia est une invention g\u00e9niale!\u00bb, s\u2019exclame Marielle Stamm avec un immense sourire.<\/p>\n<h3>Tous les chemins m\u00e8nent \u00e0 l\u2019ordinateur<\/h3>\n<p>Vera Molnar avait \u00e9tudi\u00e9 aux Beaux-Arts \u00e0 Budapest, Manfred Mohr avait effectu\u00e9 des \u00e9tudes d\u2019arts plastiques, de musique (hautbois et t\u00e9nor saxophone), de math\u00e9matiques et d\u2019informatique. Herbert Franke a obtenu un doctorat en physique, apr\u00e8s des \u00e9tudes de physique, de math\u00e9matiques, de chimie, de psychologie et de philosophie \u00e0 l\u2019Universit\u00e9 de Vienne, nous renseigne le tr\u00e8s complet Cahier SESA N\u00b0 5. Car les artistes de l\u2019exposition de 1973, n\u2019\u00e9taient pas tous artistes. \u00abHerbert Franke se qualifiait d\u2019auteur de science-fiction. A ses d\u00e9buts, Manfred Mohr \u00e9tait musicien de jazz, au saxophone. D\u00e9couvrir les nouvelles technologies les amusait, les distrayait. Manfred Mohr est venu \u00e0 l\u2019art num\u00e9rique par la musique\u00bb.<\/p>\n<h3>\u00abC\u2019\u00e9taient des exp\u00e9riences juxtapos\u00e9es\u00bb<\/h3>\n<p>\u00abSi je reviens \u00e0 l\u2019exposition, on \u00e9tait vraiment pionniers car nous \u00e9tions les premiers \u00e0 faire une telle exposition, mais si je regarde l\u2019\u00e9volution de l\u2019art num\u00e9rique, on y trouvait d\u00e9j\u00e0 toutes les tendances actuelles \u00e9voqu\u00e9es plus haut. Manfred Mohr utilisait des algorithmes et il cr\u00e9ait ses propres r\u00e8gles. Ses \u0153uvres \u00e9taient tr\u00e8s minimalistes, en noir et blanc certaines repr\u00e9sentent des cubes, d\u2019autres des lignes sinuso\u00efdales\u00bb. L\u2019exposition de 1973 proposait une grande vari\u00e9t\u00e9 d\u2019\u0153uvres, minimalistes ou pleines, en noir et blanc ou aux couleurs gaies, \u00e0 admirer dans le Cahier SESA N\u00b05, consultable aupr\u00e8s du Mus\u00e9e Bolo, ou pour certaines reproduites sur cette <a href=\"http:\/\/www.artinfo-musinfo.org\/fr\/events\/1973-10-26\/index.html\" target=\"_blank\" rel=\"noopener\">page de ArtInfo-MusInfo consacr\u00e9e \u00e0 l\u2019exposition de 1973<\/a>.[\/vc_column_text][vc_single_image media=&#8221;11514&#8243; caption=&#8221;yes&#8221; media_width_percent=&#8221;100&#8243; uncode_shortcode_id=&#8221;713685&#8243;][vc_column_text uncode_shortcode_id=&#8221;113930&#8243;]\u00abL\u2019exposition n\u2019avait aucune ligne artistique. Aucune. C\u2019\u00e9taient des exp\u00e9riences juxtapos\u00e9es. Certains jeunes, \u00e9tudiants, \u00e0 l\u2019Universit\u00e9 de Vincennes, peignaient sur des cartes perfor\u00e9es. Ils remplissaient les petits trous de bleu, de jaune, de rouge. C\u2019\u00e9tait de l\u2019exp\u00e9rimentation\u00bb.[\/vc_column_text][vc_single_image media=&#8221;11502&#8243; caption=&#8221;yes&#8221; media_width_use_pixel=&#8221;yes&#8221; uncode_shortcode_id=&#8221;116546&#8243; media_width_pixel=&#8221;600&#8243;][vc_column_text uncode_shortcode_id=&#8221;101574&#8243;]<\/p>\n<h3>Cachez cette machine que je ne saurais voir<\/h3>\n<p>Cher Moli\u00e8re, \u00e0 l\u2019honneur cette ann\u00e9e pour vos quatre-cents ans, j\u2019ose esp\u00e9rer que vous me pardonnerez d\u2019avoir d\u00e9tourn\u00e9 de la sorte cette fameuse formule du c\u00e9l\u00e8bre <em>Tartuffe<\/em>.<\/p>\n<p>Si aujourd\u2019hui la collaboration entre l\u2019humain et la machine, dans le domaine de l\u2019art ou ailleurs, rel\u00e8ve de l\u2019\u00e9vidence, tel n\u2019a pas toujours \u00e9t\u00e9 le cas. Pour preuve, si besoin est, cet exemple helv\u00e9tique, artistique et premi\u00e8re technologique, que l\u2019on doit \u00e0 Peter Toth (1932-2015), pionnier de l\u2019informatique, lui aussi. Il est le concepteur de la Cora, premier ordinateur suisse \u00e0 transistors (au germanium), imagin\u00e9 il y a quelque soixante-cinq ans, fabriqu\u00e9 en 1963 pour des applications militaires, utilis\u00e9 plus tard en cartographie \u00e0 l\u2019EPFL. Peter Toth explique: \u00abNous avons construit nos propres circuits imprim\u00e9s \u00e0 base de transistors au germanium, les Codisym, et nous les avons standardis\u00e9s. Un module Codisym \u00e9tait compos\u00e9, par exemple, de huit inverseurs ou de six bascules flip-flop. La Cora 1 comprenait 8\u2019000 diodes et une m\u00e9moire \u00e0 tores de ferrite de 2\u2019048 mots de 24 bits, soit 6 Ko. J\u2019ai adopt\u00e9 l\u2019architecture de Von Neumann qui, rappelons-le au passage, \u00e9tait hongrois comme moi\u00bb. Marielle Stamm capture le r\u00e9cit du g\u00e9nial inventeur en f\u00e9vrier 2011, alors qu\u2019il retrouve sa machine dans les sous-sols de l\u2019EPFL, \u00e9mu et ravi de pouvoir enfin partager son histoire jusqu\u2019ici ignor\u00e9e du public. L\u2019interview s\u2019ouvre ainsi: \u00abLorsqu\u2019en 1964, \u00e0 la grande Expo de Lausanne, un public m\u00e9dus\u00e9 a vu une main invisible tracer les courbes des toits et des clochetons du ch\u00e2teau de Thoune sur une grande table graphique, il ne se doutait pas qu\u2019un ordinateur cach\u00e9 derri\u00e8re un mur r\u00e9alisait cette prouesse. La machine improbable \u00e9tait une des premi\u00e8res Cora 1, un ordinateur cent pour cent suisse d\u00e9velopp\u00e9 \u00e0 Z\u00fcrich par un Hongrois de g\u00e9nie embauch\u00e9 par la soci\u00e9t\u00e9 Contraves, Peter Toth\u00bb, lequel pr\u00e9cise: \u00abLes donn\u00e9es \u00e9taient fournies soit sur des cartes perfor\u00e9es soit sur des rubans perfor\u00e9s. Nous avions donc des lecteurs et des perforateurs de cartes et de rubans. Nous avons \u00e9galement d\u00e9velopp\u00e9 la Coragraph, une grande table \u00e0 dessiner, comme celle que nous avons expos\u00e9e \u00e0 L\u2019Expo de Lausanne en 1964 en prenant soin de cacher l\u2019ordinateur derri\u00e8re un mur pour ne pas effrayer les visiteurs!\u00bb.\u00a0 \u00c9patant, et avant-gardiste! <a href=\"https:\/\/www.museebolo.ch\/le-musee\/historique\/epopee-oubliee-dun-ordinateur-secret-defense\/\" target=\"_blank\" rel=\"noopener\">L\u2019\u00e9pop\u00e9e oubli\u00e9e d\u2019un ordinateur secret d\u00e9fense<\/a>, l\u2019histoire int\u00e9grale \u00e0 retrouver en mots, vid\u00e9os et photos sur le site du Mus\u00e9e Bolo, ou \u00e0 l\u2019occasion d\u2019une visite de l\u2019exposition <a href=\"https:\/\/www.museebolo.ch\/les-expositions\/disparition-programmee\/\" target=\"_blank\" rel=\"noopener\">Disparition Programm\u00e9e<\/a>.[\/vc_column_text][vc_single_image media=&#8221;6593&#8243; caption=&#8221;yes&#8221; media_width_percent=&#8221;100&#8243; uncode_shortcode_id=&#8221;118185&#8243;][vc_single_image media=&#8221;11485&#8243; caption=&#8221;yes&#8221; media_width_percent=&#8221;100&#8243; uncode_shortcode_id=&#8221;129087&#8243;][vc_column_text uncode_shortcode_id=&#8221;434400&#8243;]<\/p>\n<h3>Art et ordinateur: et le g\u00e9nie dans tout \u00e7a?<\/h3>\n<p>La collaboration entre l\u2019humain et la machine dans les domaines de l\u2019art que ce soit la peinture, la musique ou les lettres, a bien \u00e9volu\u00e9 depuis l\u2019exposition de 1973, en particulier avec l\u2019\u00e9mergence de l\u2019intelligence artificielle (IA). \u00abDurant les cinquante derni\u00e8res ann\u00e9es, l\u2019art a \u00e9volu\u00e9 dans le sens de l\u2019art conceptuel. L\u2019art sur ordinateur \u00e9tait d\u00e9j\u00e0 pionnier dans la mesure o\u00f9 c\u2019\u00e9tait de l\u2019art abstrait, et purement conceptuel aussi. Aujourd\u2019hui, ils se sont rejoints. Mais l\u2019ordinateur reste un simple outil. Comme un pinceau. Comme le pistolet de Niki de Saint Phalle qui envoyait des jets de peinture sur un mur. Vous pouvez aussi le faire avec un robot. Mais ce n\u2019est pas de l\u2019art, l\u2019ordinateur n\u2019est qu\u2019un outil et n\u2019a toujours \u00e9t\u00e9 qu\u2019un outil. Quand on veut lui faire faire de la po\u00e9sie et qu\u2019on lui donne des algorithmes pour faire de la po\u00e9sie, c\u2019est ridicule!\u00bb. Cri du c\u0153ur de l\u2019amoureuse des mots!<\/p>\n<p>Lord Byron, partagerait-il le cri du c\u0153ur de Marielle Stamm? Po\u00e8te romantique qui s\u00e9journa en terres genevoises en compagnie de Mary Shelley, toute jeune auteure de <em>Frankenstein<\/em> ou Le <em>Prom\u00e9th\u00e9e moderne,<\/em> premi\u00e8re \u0153uvre de science-fiction. Le monstre abandonn\u00e9 auquel j\u2019avais consacr\u00e9 en 2018 quelques pages \u00e0 l\u2019occasion de son bicentenaire dans <a href=\"https:\/\/www.medialien.ch\/blog-numerique-droit-2-digital-law-2-fr170.html\" target=\"_blank\" rel=\"noopener\">200 ans et pas une ride!<\/a> renvoie aujourd\u2019hui, dans le domaine de l\u2019IA en particulier, \u00e0 la responsabilit\u00e9 de tout cr\u00e9ateur. \u00c9criture par ordinateur, les mots comme mati\u00e8re premi\u00e8re, Alan Turing, pionnier de l\u2019IA, s\u2019y \u00e9tait essay\u00e9. \u00abD\u00e8s les ann\u00e9es 50 d\u00e9j\u00e0, le math\u00e9maticien Alan Turing et l\u2019informaticien Christopher Strachey s\u2019int\u00e9ressaient \u00e0 la litt\u00e9rature num\u00e9rique et inventaient un g\u00e9n\u00e9rateur automatique de lettres d\u2019amour. Une machine, devenue auteur en piochant des mots contenus dans sa base de donn\u00e9es, elle produisait des textes al\u00e9atoires\u00bb lit-on dans <a href=\"https:\/\/www.letemps.ch\/culture\/algorithmes-se-prennent-poetes\" target=\"_blank\" rel=\"noopener\">Le Temps<\/a>. Une machine-auteur, qu\u2019en penserait le sulfureux Lord Byron? Po\u00e8te et p\u00e8re d\u2019<a href=\"https:\/\/www.payot.ch\/Detail\/les_innovateurs-walter_isaacson-9782253194453\" target=\"_blank\" rel=\"noopener\">Ada Lovelace<\/a> (1815-1854), premi\u00e8re programmeuse de l\u2019histoire, qui inventa le sous-programme et la boucle r\u00e9cursive. Nourrie aux math\u00e9matiques d\u00e8s son plus jeune \u00e2ge, elle appr\u00e9ciait leur <a href=\"https:\/\/www.payot.ch\/Detail\/ada_ou_la_beaute_des_nombres-catherine_dufour-9782213712796\" target=\"_blank\" rel=\"noopener\">beaut\u00e9<\/a> et appliquait l\u2019imagination \u00e0 la science dans une \u00abscience po\u00e9tique\u00bb. Voyant toujours plus loin, en 1843 d\u00e9j\u00e0, elle \u00e9crit dans une de ses d\u00e9sormais c\u00e9l\u00e8bres <a href=\"https:\/\/www.fourmilab.ch\/babbage\/sketch.html\" target=\"_blank\" rel=\"noopener\">Notes<\/a> que l\u2019<em>Analytical engine<\/em> de Charles Babbage (1834), anc\u00eatre th\u00e9orique de nos ordinateurs modernes pourrait \u00eatre une machine universelle, et musicienne: \u00ab(\u2026) the engine might compose elaborate and scientific pieces of music of any degree of complexity or extent\u00bb (Note A). G\u00e9niale, elle voyait dans la machine analytique des possibilit\u00e9s qui allaient bien au-del\u00e0 de l\u2019id\u00e9e limit\u00e9e de son concepteur qui \u00e9tait de cr\u00e9er un calculateur programmable g\u00e9n\u00e9raliste. Calculer, certes. Mais \u00e9galement lire des symboles non num\u00e9riques, des notes par exemple. Dans ce qu\u2019Alan Turing, p\u00e8re de l\u2019informatique moderne, appellera un si\u00e8cle plus tard <a href=\"https:\/\/academic.oup.com\/mind\/article\/LIX\/236\/433\/986238\" target=\"_blank\" rel=\"noopener\">L\u2019objection de Lady Lovelace<\/a>, on comprend que la visionnaire anglaise voit une machine musicienne mais non une compositrice: \u00abThe Analytical Engine has no pretensions whatever to <em>originate<\/em> anything. It can do whatever <em>we know how to order it to perform\u00bb<\/em> (Note G). Le d\u00e9bat est ouvert, mais Mesdames Stamm et Lovelace se rejoignent.<\/p>\n<p>Aujourd\u2019hui des machines dot\u00e9es d\u2019AI, finissent des \u0153uvres magistrales: la <a href=\"https:\/\/www.rts.ch\/info\/culture\/musiques\/12459408-du-beethoven-cree-par-algorithmes-a-lausanne-et-geneve.html\" target=\"_blank\" rel=\"noopener\">10<sup>e<\/sup> symphonie de Beethoven<\/a>, \u0153uvre algorithmique <a href=\"https:\/\/www.radioclassique.fr\/magazine\/articles\/une-intelligence-artificielle-a-complete-la-10e-symphonie-de-beethoven-restee-inachevee\/\" target=\"_blank\" rel=\"noopener\">jou\u00e9e en Suisse<\/a> romande en 2021, la <a href=\"https:\/\/www.lesechos.fr\/tech-medias\/intelligence-artificielle\/une-ia-de-huawei-termine-en-fanfare-la-symphonie-inachevee-de-schubert-962022\" target=\"_blank\" rel=\"noopener\">symphonie inachev\u00e9e no 8 de Schubert<\/a> compl\u00e9t\u00e9e de deux mouvements g\u00e9n\u00e9r\u00e9 par IA. Ada Byron, future Comtesse de Lovelace, n\u2019avait que 12-13 ans au d\u00e9c\u00e8s de ces g\u00e9niaux compositeurs. La f\u00e9rue de math\u00e9matiques \u00e0 la curiosit\u00e9 sans limite, caract\u00e9ristique \u00e9vidente que l\u2019on retrouve chez Marielle Stamm, connaissait-elle seulement ces \u0153uvres auxquelles les descendants de la machine qu\u2019elle imaginait dans sa <em>Note A<\/em> offriront une conclusion?<\/p>\n<p>Entre le 19<sup>e<\/sup> si\u00e8cle d\u2019Ada Lovelace et aujourd\u2019hui, la collaboration entre l\u2019humain et la machine dans le domaine musical a connu des \u00e9tapes qui n\u2019ont pas \u00e9chapp\u00e9 \u00e0 la plume de Marielle Stamm. En 1979, alors correspondante en Suisse du magazine fran\u00e7ais 01 Informatique, la journaliste passionn\u00e9e de musique explique comment Mathias Spohr, laur\u00e9at de dix-huit ans du concours national <em>La science appelle les jeunes<\/em>, a d\u00e9couvert les lois musicales qui r\u00e9gissent la musique de Palestrina, et a pu comparer les originaux du compositeur de la Renaissance aux morceaux g\u00e9n\u00e9r\u00e9s par ordinateur, int\u00e9grer les erreurs relev\u00e9es, et corriger le programme jusqu\u2019\u00e0 l\u2019obtention d\u2019une version d\u00e9finitive. Le processus de cr\u00e9ation de l\u2019artiste \u00e9tait ainsi mis au jour.[\/vc_column_text][vc_single_image media=&#8221;11505&#8243; caption=&#8221;yes&#8221; media_lightbox=&#8221;yes&#8221; media_width_use_pixel=&#8221;yes&#8221; lbox_skin=&#8221;white&#8221; uncode_shortcode_id=&#8221;203397&#8243; media_width_pixel=&#8221;600&#8243;][vc_column_text uncode_shortcode_id=&#8221;188381&#8243;]Mise au jour du processus de cr\u00e9ation de Palestrina, tentative de mod\u00e9liser le g\u00e9nie de Bach pour des compositions musicales automatis\u00e9es \u00e0 l\u2019EPFL (IA nourrie de <a href=\"https:\/\/www.rts.ch\/audio-podcast\/2021\/audio\/emmanuel-colliard-et-florian-colombo-se-rencontrent-pour-la-premiere-fois-25072515.html\" target=\"_blank\" rel=\"noopener\">Bach<\/a>, \u00e0 \u00e9couter d\u00e8s la minute 31:30).<\/p>\n<p>Marielle Stamm, \u00e0 votre avis, le g\u00e9nie est-t-il mod\u00e9lisable? \u00abL\u2019ordinateur ne pourra qu\u2019imiter. On imite Bach, mais on n\u2019est pas Bach. Il faudrait qu\u2019aujourd\u2019hui l\u2019ordinateur cr\u00e9e un nouveau Bach qui ne s\u2019appellerait pas Bach mais \u00abTartempion\u00bb et qui ferait de la musique c\u00e9leste comme Bach ou qui ferait de la musique concr\u00e8te comme Xenakis ou les deux \u00e0 la fois. Seul l\u2019humain a du g\u00e9nie. L\u2019ordinateur reste un instrument, un outil magnifique mais ce ne sera jamais qu\u2019un outil. M\u00eame constat dans le domaine de la peinture ou de la litt\u00e9rature. Peindre comme Vermeer, Monet, et Picasso? Ecrire comme Proust? A quoi bon! Ce seront toujours des imitations\u00bb. Et cela, m\u00eame si certaines \u0153uvres picturales r\u00e9alis\u00e9es sur ordinateurs se sont envol\u00e9es pour des sommes dont les artistes \u00abcopi\u00e9s\u00bb n\u2019auraient m\u00eame pas r\u00eav\u00e9. <a href=\"https:\/\/www.rts.ch\/info\/culture\/10265675-quand-lintelligence-artificielle-concurrence-les-artistes.html#chap02\" target=\"_blank\" rel=\"noopener\">Le Portrait d\u2019Edmond de Belamy<\/a> s\u2019est vendu \u00e0 prix d\u2019or en octobre 2018: 432\u2019500 dollars am\u00e9ricain \u00e0 l\u2019occasion d\u2019une vente aux ench\u00e8res d\u2019un genre encore in\u00e9dit, la star \u00e9tait un tableau g\u00e9n\u00e9r\u00e9 par intelligence artificielle. Des r\u00e9seaux g\u00e9n\u00e9ratifs antagonistes (GAN) \u00e0 la place des pinceaux. Pessimiste (ou prudente?), la maison Christie\u2019s \u00e0 New York avait initialement estim\u00e9 la valeur de l\u2019\u0153uvre, r\u00e9sultat d\u2019un logiciel nourri de quinze mille portraits classiques, entre 7\u2019000 et 10\u2019000 dollars. Cette <a href=\"https:\/\/www.rts.ch\/info\/culture\/9946337-une-toile-creee-par-un-algorithme-vendue-a-prix-dor-aux-encheres.html\" target=\"_blank\" rel=\"noopener\">vid\u00e9o<\/a> montre le processus de cr\u00e9ation du Portrait Edmond de Belamy, le processus d\u2019entrainement des mod\u00e8les qui le sous-tendent.<\/p>\n<h3>Art et ordinateur: et l\u2019esth\u00e9tique dans tout \u00e7a?<\/h3>\n<p>\u00abQue ce soit l\u2019IA avec les syst\u00e8mes experts d\u2019aujourd\u2019hui, ou que ce soient les tables tra\u00e7antes comme celles utilis\u00e9es par Manfred Mohr en 1973, le constat est le m\u00eame. Ce n\u2019est pas parce que la technologie a \u00e9volu\u00e9 que l\u2019art sur ordinateur deviendra g\u00e9nial. L\u2019art d\u2019aujourd\u2019hui est devenu majoritairement conceptuel. Quant \u00e0 l\u2019esth\u00e9tique, c\u2019est encore un autre sujet dont on pourrait d\u00e9battre toute la nuit. Aux Etats-Unis, <a href=\"https:\/\/interstices.info\/lart-assiste-par-ordinateur\/\" target=\"_blank\" rel=\"noopener\">le robot AARON<\/a> d\u2019 <a href=\"https:\/\/computerhistory.org\/blog\/harold-cohen-and-aaron-a-40-year-collaboration\/\" target=\"_blank\" rel=\"noopener\">Harold Cohen<\/a> se balade avec un pinceau, fait plein de choses qu\u2019on lui a apprises. Je ne pense pas que les prouesses technologiques de l\u2019ordinateur vont am\u00e9liorer l\u2019art. L\u2019ordinateur est au service de la cr\u00e9ativit\u00e9 humaine, c\u2019est tout. C\u2019est un peu comme l\u2019humain augment\u00e9, on en fait une sorte de robot, il va mieux voir, mieux entendre. Mais in fine, l\u2019homme doit mourir\u00bb.<\/p>\n<p>En 1992, Marielle Stamm interviewe pour <em>Le Nouveau Quotidien<\/em> un math\u00e9maticien am\u00e9ricain de passage \u00e0 Lausanne, John Hubbard, lequel met les math\u00e9matiques au service de l\u2019esth\u00e9tique, et explique le paradoxe des fractales, objets compliqu\u00e9s, g\u00e9n\u00e9r\u00e9s par de petits programmes informatiques. R\u00e9sultat l\u00e9g\u00e8rement psych\u00e9d\u00e9lique.[\/vc_column_text][vc_single_image media=&#8221;11465&#8243; media_width_percent=&#8221;100&#8243; uncode_shortcode_id=&#8221;191004&#8243;][vc_column_text uncode_shortcode_id=&#8221;205347&#8243;]John Hubbard met les math\u00e9matiques au service de l\u2019esth\u00e9tique. Et si nous inversions le titre? L\u2019esth\u00e9tique au service des math\u00e9matiques, de la science et de la connaissance en g\u00e9n\u00e9ral, gr\u00e2ce \u00e0 l\u2019informatique? Aujourd\u2019hui, il existe d\u2019extraordinaires possibilit\u00e9s graphiques pour transmettre visuellement une information, autrement qu\u2019avec un triste graphe en noir et blanc ou un tableau de chiffres indistincts. Sans parler de la simulation, et m\u00eame de la conception assist\u00e9e par ordinateur. Avec les progr\u00e8s de l\u2019informatique graphique, on peut changer de dimensions, modifier des \u0153uvres imprim\u00e9es en 2D, comme celles expos\u00e9es en 1973, et les pr\u00e9senter en 3D: r\u00e9alit\u00e9 virtuelle, r\u00e9alit\u00e9 augment\u00e9e. \u00abDepuis cette exposition, la technologie a fait d\u2019immenses bons en avant. Elle a boulevers\u00e9 tous les arts graphiques: cin\u00e9ma, et jeux vid\u00e9o, notamment. Regardez les nouveaux jeux! On est pass\u00e9 des simples pictogrammes \u00e0 des repr\u00e9sentations d\u2019une r\u00e9alit\u00e9 sid\u00e9rante\u00bb.<\/p>\n<p>Il arrive que la machine devienne elle-m\u00eame \u0153uvre d\u2019art, issue d\u2019une recherche de l\u2019esth\u00e9tique, obsessionnelle chez Steve Jobs dont l\u2019Imac, initialement uniquement Bondi Blue, se situe au carrefour de l\u2019art et de la technologie. Ou encore, le NeXT Cube (premier serveur Web) et l\u2019iPod qualifi\u00e9 par le l\u00e9gendaire chanteur Bono, du tout aussi l\u00e9gendaire groupe U2, de \u00abplus bel objet d\u2019art de la culture musicale depuis la guitare \u00e9lectrique\u00bb (<a href=\"https:\/\/www.payot.ch\/Detail\/steve_jobs-walter_isaacson-9782709638326?cId=0\" target=\"_blank\" rel=\"noopener\">Steve Jobs<\/a>, p. 483). Des \u0153uvres d\u2019art pour masquer l\u2019identit\u00e9 premi\u00e8re du micro-ordinateur? R\u00e9ponse dans <a href=\"https:\/\/www.museebolo.ch\/les-expositions\/disparition-programmee\/\" target=\"_blank\" rel=\"noopener\">Disparition Programm\u00e9e<\/a> ou directement \u00e0 l\u2019exposition du <a href=\"https:\/\/www.museebolo.ch\/\" target=\"_blank\" rel=\"noopener\">Mus\u00e9e Bolo<\/a>.<\/p>\n<p>Steve jobs avait enregistr\u00e9 les concertos brandebourgeois de Bach dans son iPod. Dans ce cas particulier, le g\u00e9nie \u00e9tait bel et bien dans la machine.[\/vc_column_text][vc_single_image media=&#8221;11479&#8243; media_width_percent=&#8221;100&#8243; uncode_shortcode_id=&#8221;176579&#8243;][vc_column_text uncode_shortcode_id=&#8221;665722&#8243;]Le rapport machine-humain soul\u00e8ve de multiples questions, passionnantes, notamment sur la place de chacun dans cette cohabitation. Pour clore ici ce vaste sujet, car la vie de Marielle Stamm a encore beaucoup \u00e0 nous d\u00e9voiler, je vous laisse poursuivre cette r\u00e9flexion avec deux artistes rencontr\u00e9s plus ou moins longuement dans ce chapitre \u00abArt et Informatique\u00bb. Pablo Picasso \u00e9tait d\u2019avis que: \u00abLes ordinateurs sont inutiles. Ils ne savent que donner des r\u00e9ponse\u00bb (<a href=\"https:\/\/interstices.info\/lart-assiste-par-ordinateur\/\" target=\"_blank\" rel=\"noopener\">L\u2019art assist\u00e9 par ordinateur<\/a>). En 1973, Manfred Mohr estimait au contraire que: \u00abLa machine n\u2019est pas l\u2019ennemi de l\u2019homme mais son prolongement. Je consid\u00e8re l\u2019ordinateur comme un authentique amplificateur de nos exp\u00e9riences intellectuelles\u00bb (Cahier SESA N\u00b05).[\/vc_column_text][\/vc_column_inner][\/vc_row_inner][vc_row_inner limit_content=&#8221;&#8221;][vc_column_inner column_width_percent=&#8221;80&#8243; position_horizontal=&#8221;left&#8221; gutter_size=&#8221;3&#8243; overlay_alpha=&#8221;50&#8243; shift_x=&#8221;0&#8243; shift_y=&#8221;0&#8243; shift_y_down=&#8221;0&#8243; z_index=&#8221;0&#8243; medium_width=&#8221;0&#8243; mobile_width=&#8221;0&#8243; width=&#8221;1\/1&#8243; uncode_shortcode_id=&#8221;200612&#8243;][vc_separator sep_color=&#8221;color-206210&#8243; icon_position=&#8221;left&#8221; uncode_shortcode_id=&#8221;111153&#8243; sep_color_type=&#8221;uncode-palette&#8221; el_width=&#8221;100%&#8221; el_height=&#8221;2px&#8221;][vc_column_text uncode_shortcode_id=&#8221;119809&#8243;]<\/p>\n<h2>Et vous qu\u2019en pensez-vous?<\/h2>\n<h2><a href=\"https:\/\/www.museebolo.ch\/marielle-stamm-2\/\">Lire la partie 2<\/a><\/h2>\n<ul>\n<li><em>Sur nos monts quand le soleil\u2026<\/em> et journalisme informatique<\/li>\n<li>L\u2019apr\u00e8s journalisme informatique, une vie foisonnante<\/li>\n<\/ul>\n<p>[\/vc_column_text][vc_separator sep_color=&#8221;color-206210&#8243; icon_position=&#8221;left&#8221; uncode_shortcode_id=&#8221;111153&#8243; sep_color_type=&#8221;uncode-palette&#8221; el_width=&#8221;100%&#8221; el_height=&#8221;2px&#8221;][vc_column_text uncode_shortcode_id=&#8221;688644&#8243;]<\/p>\n<h2>R\u00e9f\u00e9rences, et pour aller plus loin \u2013 Partie 1<strong><br \/>\n<\/strong><\/h2>\n<p>Marielle Stamm, <a href=\"https:\/\/editionsmonvillage.ch\/produit\/chere-mademoiselle-et-amie\/\" target=\"_blank\" rel=\"noopener\">Ch\u00e8re Mademoiselle et Amie<\/a>, Editions Mon Village, 2014<\/p>\n<p>Interview de Marielle Stamm \u00e0 propos de <a href=\"https:\/\/editionsmonvillage.ch\/produit\/chere-mademoiselle-et-amie\/\" target=\"_blank\" rel=\"noopener\">Ch\u00e8re Mademoiselle et Amie<\/a>, Entre les lignes (RTS), 28\/07\/2017<\/p>\n<p>Marielle Stamm, <a href=\"https:\/\/www.editions-aire.ch\/produit\/lenquete-elterich\/\" target=\"_blank\" rel=\"noopener\">L\u2019enqu\u00eate Elterich<\/a>, Editions de l\u2019Aire, 2019<\/p>\n<p>Marielle Stamm, Yves Bolognigi, <a href=\"https:\/\/www.museebolo.ch\/les-expositions\/disparition-programmee\/\" target=\"_blank\" rel=\"noopener\">Disparition programm\u00e9e. Le Mus\u00e9e Bolo m\u00e8ne l\u2019enqu\u00eate<\/a>, Presse polytechniques et universitaires romandes, 2013<\/p>\n<p>Marielle Stamm, <a href=\"https:\/\/www.museebolo.ch\/informations\/contact\/\" target=\"_blank\" rel=\"noopener\">Les Cahiers SESA N\u00b05, Octobre 1973, exposition \u00abOrdinateur et Cr\u00e9ation Artistique\u00bb<\/a>\u00a0(\u00e0 voir \u00e0 la r\u00e9serve du Mus\u00e9e Bolo ou quelques extraits <a href=\"http:\/\/www.artinfo-musinfo.org\/fr\/events\/1973-10-26\/index.html\" target=\"_blank\" rel=\"noopener\">ici<\/a>)<\/p>\n<p>Marielle Stamm, Yves Bolognini, Xavier Nicol, <a href=\"https:\/\/www.museebolo.ch\/le-musee\/historique\/epopee-oubliee-dun-ordinateur-secret-defense\/\" target=\"_blank\" rel=\"noopener\">L\u2019\u00e9pop\u00e9e oubli\u00e9e d\u2019un ordinateur secret d\u00e9fense<\/a> (texte, photos et vid\u00e9os)<\/p>\n<p>Marielle Stamm, <a href=\"https:\/\/www.letempsarchives.ch\/page\/LNQ_1992_12_09\/18\/article\/9714255\/john%20hubbardt\" target=\"_blank\" rel=\"noopener\">John Hubbard met les math\u00e9matiques au service de l\u2019esth\u00e9tique<\/a>, Le Nouveau Quotidien \u2013 09\/01\/1992[\/vc_column_text][vc_separator sep_color=&#8221;color-206210&#8243; icon_position=&#8221;left&#8221; uncode_shortcode_id=&#8221;111153&#8243; sep_color_type=&#8221;uncode-palette&#8221; el_width=&#8221;100%&#8221; el_height=&#8221;2px&#8221;][vc_column_text uncode_shortcode_id=&#8221;106989&#8243;]<\/p>\n<h3>R\u00e9f\u00e9rences g\u00e9n\u00e9rales<strong><br \/>\n<\/strong><\/h3>\n<p><a href=\"https:\/\/www.youtube.com\/watch?v=nuPZUUED5uk\" target=\"_blank\" rel=\"noopener\">The Imitation Game<\/a>, 2014 (film)<\/p>\n<p>Kathy Kleiman, <a href=\"http:\/\/eniacprogrammers.org\/\" target=\"_blank\" rel=\"noopener\">The Computers: The Remarkable Story of the ENIAC Programmers<\/a>, 2016 (documentaire)<\/p>\n<p><a href=\"https:\/\/scientificwomen.net\/women\/clarke-joan-158\" target=\"_blank\" rel=\"noopener\">Joan Clark<\/a>, History of scientific women<\/p>\n<p><a href=\"https:\/\/www.computerhistory.org\/revolution\/birth-of-the-computer\/4\/78\" target=\"_blank\" rel=\"noopener\">ENIAC<\/a>, Computer History Museum (Mountain View, CA, USA)<\/p>\n<p>Leonard J. Shustek, <a href=\"https:\/\/computerhistory.org\/blog\/programming-the-eniac-an-example-of-why-computer-history-is-hard\/\" target=\"_blank\" rel=\"noopener\">Programming the Eniac: an example of why computer history is hard<\/a>, CHM Blog \u2013 18\/05\/2016<\/p>\n<p>Emmanuel Lazard, Pierre Mounier-Kuhn, <a href=\"https:\/\/www.payot.ch\/Detail\/histoire_illustree_de_linformatique-emmanuel_lazard-9782759823758?cId=0\" target=\"_blank\" rel=\"noopener\">Histoire illustr\u00e9e de l\u2019informatique,<\/a> EDP Sciences 2019<\/p>\n<p>Walter Isaacson, <a href=\"https:\/\/www.payot.ch\/Detail\/les_innovateurs-walter_isaacson-9782253194453\" target=\"_blank\" rel=\"noopener\">Les Innovateurs. Comment un groupe de g\u00e9nies, hackers et geeks a fait la r\u00e9volution num\u00e9rique<\/a>, <a href=\"https:\/\/www.payot.ch\/Dynamics\/Result?edId=430dcb650e009762010e009854790331&amp;ed=LGF\/Le%20Livre%20de%20Poche&amp;cId=0&amp;query=Q2F0YWxvZz1GciZEZXN0aW5hdGlvbj1wYXlvdCZFZGl0b3I9TEdGJTJmTGUrTGl2cmUrZGUrUG9jaGUmRWRpdG9ySWQ9NDMwZGNiNjUwZTAwOTc2MjAxMGUwMDk4NTQ3OTAzMzEmSXRlbXNQZXJQYWdlPTEwJkxhbmd1YWdlPWZyJkxpc3RDb2RlPU5vTGlzdFNlYXJjaCZOZXdTZWFyY2g9RmFsc2UmT25seVN0cmljdFNlYXJjaD1GYWxzZSZQYWdlTnI9MSZTZWFyY2hUeXBlPUFkdmFuY2VkU2VhcmNoJlNob3dMb2c9RmFsc2UmU29ydD1Ob1NvcnQmU291cmNlPXd3dw==\" target=\"_blank\" rel=\"noopener\">LGF\/Le Livre de Poche<\/a>, 2017<\/p>\n<p><a href=\"https:\/\/www.tech-insider.org\/mainframes\/research\/1995\/0110.html\" target=\"_blank\" rel=\"noopener\">IBM Poughkeepsie\u2026 from munitions to mainframes!<\/a>, 1995<\/p>\n<p><a href=\"https:\/\/www.youtube.com\/watch?v=j2fURxbdIZs\" target=\"_blank\" rel=\"noopener\">Remington-Rand Presents the Univac<\/a>, 1950-1952 (documentaire)<\/p>\n<p><a href=\"https:\/\/www.vassar.edu\/vcencyclopedia\/alumni\/grace-murray-hopper.html\" target=\"_blank\" rel=\"noopener\">Grace Murray Hopper<\/a>, Vassar Encyclopedia \u2013 2005\/2013<\/p>\n<p>Anne-Sylvie Weinmann, <a href=\"https:\/\/www.museebolo.ch\/memoires_vives\/le-microprocesseur-intel-4004-50-ans-deja\/\" target=\"_blank\" rel=\"noopener\">Le microprocesseur Intel 4004, 50 ans d\u00e9j\u00e0!<\/a> \u2013 10\/05\/2021<\/p>\n<p>Anne-Sylvie Weinmann, <a href=\"https:\/\/www.museebolo.ch\/memoires_vives\/jean-daniel-nicoud-une-vie-dinventions\/\" target=\"_blank\" rel=\"noopener\">Une vie d\u2019inventions. Jean-Daniel Nicoud, un des p\u00e8res de la micro-informatique suisse<\/a> \u2013 23\/04\/2021<\/p>\n<p>Anne-Sylvie Weinmann, <a href=\"https:\/\/www.museebolo.ch\/memoires_vives\/andre-guignard-un-virtuose-de-la-micromecanique\/\" target=\"_blank\" rel=\"noopener\">Un virtuose de la microm\u00e9canique. Andr\u00e9 Guignard, l\u2019horloger inventeur de la souris h\u00e9misph\u00e9rique, maillon color\u00e9 de l\u2019\u00e9pop\u00e9e humain-machine<\/a> \u2013 02\/10\/2021<\/p>\n<p>Carole Tr\u00e9bor, <a href=\"https:\/\/www.payot.ch\/Detail\/combien_de_pas_jusqua_la_lune_-carole_trebor_-9782226443427\" target=\"_blank\" rel=\"noopener\">Combien de pas jusqu\u2019\u00e0 la Lune? Katherine Johnson, la femme qui a permis aux hommes d\u2019aller sur la Lune<\/a>, Albin Michel Jeunesse, 2019<\/p>\n<p><a href=\"https:\/\/www.youtube.com\/watch?v=h4aFS2t74oE\" target=\"_blank\" rel=\"noopener\">Les figures de l\u2019ombre<\/a>, 2017 (film)<\/p>\n<p>Margot Lee Shetterly, <a href=\"https:\/\/www.payot.ch\/Detail\/9791033901426\" target=\"_blank\" rel=\"noopener\">Les figures de l\u2019ombre<\/a>, HarperCollins 2017 (livre)<\/p>\n<p>Lee Friedlander, <a href=\"https:\/\/cantorcollection.stanford.edu\/objects-1\/thumbnails?records=80&amp;query=mfs%20all%20%22lee%20friedlander%22&amp;sort=0\" target=\"_blank\" rel=\"noopener\">Cray at Chippewa Falls<\/a>, publi\u00e9 par Cray Research, Inc, Minneapolis, Minnesota, 1987<\/p>\n<p>Richard Cornell, Cray Research at Chippewa Falls \u2013 <a href=\"https:\/\/m.youtube.com\/watch?v=wn03wn3k47Y\" target=\"_blank\" rel=\"noopener\">A Story of the Supercomputer<\/a>, 2014 (documentaire)<\/p>\n<p><a href=\"https:\/\/archive.org\/details\/sim_east_april-may-1964_1_1\/page\/40\/mode\/2up\" target=\"_blank\" rel=\"noopener\">IBM at the Tokyo Olympics<\/a>, Journal The East April\/May 1964<\/p>\n<p>Jean-Jaques Chiquelin, <a href=\"http:\/\/referentiel.nouvelobs.com\/archives_pdf\/OBS1230_19880603\/OBS1230_19880603_079.pdf\" target=\"_blank\" rel=\"noopener\">Jacques Arnould: une certaine id\u00e9e de l\u2019informatique<\/a>, Nouvel Obs \u2013 3-9\/06\/1988<\/p>\n<p>Jacques Arnould, <a href=\"https:\/\/www.lajauneetlarouge.com\/jacques-stern-52-personnalite-marquante-de-lindustrie-informatique\/\" target=\"_blank\" rel=\"noopener\">Jacques Stern personnalit\u00e9 marquante de l\u2019industrie informatique<\/a>, avril 2021<\/p>\n<p>Walter Isaacson, <a href=\"https:\/\/www.payot.ch\/Detail\/steve_jobs-walter_isaacson-9782709638326?cId=0\" target=\"_blank\" rel=\"noopener\">Steve Jobs<\/a>, JC Latt\u00e8s, 2011<\/p>\n<p>Blog de <a href=\"http:\/\/www.emohr.com\/\" target=\"_blank\" rel=\"noopener\">Manfred Mohr<\/a><\/p>\n<p>Herbert W. Franke, <a href=\"http:\/\/www.huitric-nahas.org\/texte\/doc_preface_sesa1.htm\" target=\"_blank\" rel=\"noopener\">L\u2019art et la machine<\/a>, Pr\u00e9face du Cahier SESA N\u00b0 5, 10\/1973<\/p>\n<p>Herbert W. Franke, <a href=\"https:\/\/www.amazon.fr\/Computer-Graphics-Herbert-Werner-Franke\/dp\/0714815039\" target=\"_blank\" rel=\"noopener\">Computer Graphics, Computer Art<\/a>, Phaidon, 1971<\/p>\n<p>Silke Henkele, Space press,<a href=\"https:\/\/www.discovergermany.com\/herbert-w-franke-new-forms-of-artistic-expression\/\" target=\"_blank\" rel=\"noopener\"> Herbert W Franke: New forms of artistic expression<\/a><\/p>\n<p><a href=\"https:\/\/www.centrepompidou.fr\/fr\/videos\/video\/vera-molnar-angles-de-toute-espece-en-desordre-1971\" target=\"_blank\" rel=\"noopener\">Vera Molnar, Angles de toute esp\u00e8ce en d\u00e9sordre<\/a>, 1971, Centre Pompidou (Paris) (vid\u00e9o)<\/p>\n<p>MuDa, <a href=\"https:\/\/vimeo.com\/372579247\" target=\"_blank\" rel=\"noopener\">Vera Molnar: Randomness<\/a>, 2020 (vid\u00e9o)<\/p>\n<p>Anne-Charlotte Philippe, <a href=\"https:\/\/interstices.info\/lart-assiste-par-ordinateur\/\" target=\"_blank\" rel=\"noopener\">L\u2019art assist\u00e9 par ordinateur<\/a>, Interstices \u2013 20\/01\/2012<\/p>\n<p>ArtInfo-MusInfo, Exposition <a href=\"http:\/\/www.artinfo-musinfo.org\/fr\/events\/1973-10-26\/index.html\" target=\"_blank\" rel=\"noopener\">\u00abOrdinateur et Cr\u00e9ation Artistique\u00bb<\/a>, organis\u00e9e par la SESA, Paris Octobre 1973<\/p>\n<p>Mary Shelley, <a href=\"https:\/\/www.payot.ch\/Detail\/frankenstein-mary_shelley__alain_morvan-9782070468089\" target=\"_blank\" rel=\"noopener\">Frankenstein ou Le Prom\u00e9th\u00e9e moderne<\/a>, Editions Gallimard, (1818) 2015<\/p>\n<p>Anne-Sylvie Weinmann, <a href=\"https:\/\/www.medialien.ch\/blog-numerique-droit-2-digital-law-2-fr170.html\" target=\"_blank\" rel=\"noopener\">Frankenstein ou Le Prom\u00e9th\u00e9e moderne \u2013 200 ans et pas une ride<\/a> \u2013 30\/08\/2018<\/p>\n<p>Caroline Toussaint, <a href=\"https:\/\/www.letemps.ch\/culture\/algorithmes-se-prennent-poetes\" target=\"_blank\" rel=\"noopener\">Quand les algorithmes se prennent pour des po\u00e8tes<\/a>. Le Temps \u2013 16\/03\/2017<\/p>\n<p>Catherine Dufour, <a href=\"https:\/\/www.payot.ch\/Detail\/ada_ou_la_beaute_des_nombres-catherine_dufour-9782213712796\" target=\"_blank\" rel=\"noopener\">Ada ou la beaut\u00e9 des nombres. La pionni\u00e8re de l\u2019informatique<\/a>, Fayard, 2019<\/p>\n<p>Sketch of the Analytical Engine invented by Charles Babbage by L.F. Menabrea of Turin, officer of the military engineers from the Biblioth\u00e8que Universelle de Gen\u00e8ve, October, 1842, No. 82 with <a href=\"https:\/\/www.fourmilab.ch\/babbage\/sketch.html\" target=\"_blank\" rel=\"noopener\">notes upon the memoir by the Translator Ada Augusta, Countess of Lovelace<\/a><\/p>\n<p>Alan Turing, <a href=\"https:\/\/academic.oup.com\/mind\/article\/LIX\/236\/433\/986238\" target=\"_blank\" rel=\"noopener\">Computing machinery and Intelligence<\/a>, Mind -10\/1950<\/p>\n<p>Aur\u00e9lie Coulon, <a href=\"https:\/\/www.rts.ch\/info\/culture\/musiques\/12459408-du-beethoven-cree-par-algorithmes-a-lausanne-et-geneve.html\" target=\"_blank\" rel=\"noopener\">Du Beethoven cr\u00e9\u00e9 par algorithmes \u00e0 Lausanne et Gen\u00e8ve<\/a> \u2013 03\/09\/2021<\/p>\n<p>Philippe Gault, <a href=\"https:\/\/www.radioclassique.fr\/magazine\/articles\/une-intelligence-artificielle-a-complete-la-10e-symphonie-de-beethoven-restee-inachevee\" target=\"_blank\" rel=\"noopener\">Une intelligence artificielle a compl\u00e9t\u00e9 la 10e\u00a0Symphonie de Beethoven, rest\u00e9e inachev\u00e9e<\/a> \u2013 06\/09\/2021<\/p>\n<p>Remy Demichelis, <a href=\"https:\/\/www.lesechos.fr\/tech-medias\/intelligence-artificielle\/une-ia-de-huawei-termine-en-fanfare-la-symphonie-inachevee-de-schubert-962022\" target=\"_blank\" rel=\"noopener\">Une IA de Huawei termine en fanfare la symphonie inachev\u00e9e de Schubert;<\/a> Les Echos \u2013 08\/02\/2019<\/p>\n<p><a href=\"https:\/\/www.rts.ch\/audio-podcast\/emissions\/2021\/emission\/premier-rendez-vous-25000354.html\" target=\"_blank\" rel=\"noopener\">Premier rendez-vous<\/a> (RTS), Emmanuel Colliard et Florian Colombo se rencontrent pour la premi\u00e8re fois, 23\/09\/2019 (Emission de radio \u2013 <a href=\"https:\/\/www.rts.ch\/audio-podcast\/2021\/audio\/emmanuel-colliard-et-florian-colombo-se-rencontrent-pour-la-premiere-fois-25072515.html\" target=\"_blank\" rel=\"noopener\">IA et Bach<\/a> \u00e0 \u00e9couter d\u00e8s la minute 31:30)<\/p>\n<p>Marie-Emilie Catier, Pierre Jenny, Tamara Muncanovic, Quand l\u2019intelligence artificielle concurrence les artistes, en particulier <a href=\"https:\/\/www.rts.ch\/info\/culture\/10265675-quand-lintelligence-artificielle-concurrence-les-artistes.html#chap02\" target=\"_blank\" rel=\"noopener\">Des robots peintres, outils du cr\u00e9ateur<\/a>, RTSinfo Grand Format \u2013 03\/ 2019<\/p>\n<p>Afp\/gma, <a href=\"https:\/\/www.rts.ch\/info\/culture\/9946337-une-toile-creee-par-un-algorithme-vendue-a-prix-dor-aux-encheres.html\" target=\"_blank\" rel=\"noopener\">Une toile cr\u00e9\u00e9e par un algorithme vendue \u00e0 prix d\u2019or aux ench\u00e8res<\/a> \u2013 25\/10\/2018 (y compris une vid\u00e9o qui montre processus de cr\u00e9ation du tableau \u00ab\u00a0Portrait d\u2019Edmond de Belamy\u00a0\u00bb).<\/p>\n<p>Chris Garcia, <a href=\"https:\/\/computerhistory.org\/blog\/harold-cohen-and-aaron-a-40-year-collaboration\/\" target=\"_blank\" rel=\"noopener\">Harold Cohen and AARON\u2014A 40-Year Collaboration<\/a>, CHM Blog \u2013 23\/08\/2016[\/vc_column_text][vc_separator sep_color=&#8221;color-206210&#8243; icon_position=&#8221;left&#8221; uncode_shortcode_id=&#8221;111153&#8243; sep_color_type=&#8221;uncode-palette&#8221; el_width=&#8221;100%&#8221; el_height=&#8221;2px&#8221;][vc_column_text uncode_shortcode_id=&#8221;151127&#8243;]<\/p>\n<h3>Wikip\u00e9dia<strong><br \/>\n<\/strong><\/h3>\n<p><a href=\"https:\/\/fr.wikipedia.org\/wiki\/Alan_Turing\" target=\"_blank\" rel=\"noopener\">Alan Turing<\/a><br \/>\n<a href=\"https:\/\/en.wikipedia.org\/wiki\/ENIAC\" target=\"_blank\" rel=\"noopener\">ENIAC<\/a><br \/>\n<a href=\"https:\/\/en.wikipedia.org\/wiki\/UNIVAC_I\" target=\"_blank\" rel=\"noopener\">UNIVAC<\/a><br \/>\n<a href=\"https:\/\/fr.wikipedia.org\/wiki\/Herbert_W._Franke\" target=\"_blank\" rel=\"noopener\">Herbert W. Franke<\/a><br \/>\n<a href=\"https:\/\/fr.wikipedia.org\/wiki\/Manfred_Mohr\" target=\"_blank\" rel=\"noopener\">Manfred Mohr<\/a><br \/>\n<a href=\"https:\/\/fr.wikipedia.org\/wiki\/Vera_Moln%C3%A1r\" target=\"_blank\" rel=\"noopener\">Vera Molnar<\/a><br \/>\n<a href=\"https:\/\/fr.wikipedia.org\/wiki\/Andy_Warhol\" target=\"_blank\" rel=\"noopener\">Andy Warhol<\/a>[\/vc_column_text][vc_separator sep_color=&#8221;color-206210&#8243; icon_position=&#8221;left&#8221; uncode_shortcode_id=&#8221;111153&#8243; sep_color_type=&#8221;uncode-palette&#8221; el_width=&#8221;100%&#8221; el_height=&#8221;2px&#8221;][vc_column_text uncode_shortcode_id=&#8221;130511&#8243;]<\/p>\n<h3>Pour aller encore plus loin <strong><br \/>\n<\/strong><\/h3>\n<p>Pourquoi pas une <a href=\"https:\/\/www.museebolo.ch\/les-expositions\/disparition-programmee\/\" target=\"_blank\" rel=\"noopener\">visite du Mus\u00e9e Bolo et de l\u2019exposition Disparition programm\u00e9e<\/a> pour d\u00e9couvrir l\u2019histoire de votre ordinateur?<\/p>\n<p>Dans l\u2019imm\u00e9diat, je vous invite \u00e0 d\u00e9couvrir <a href=\"https:\/\/www.museebolo.ch\/wp-content\/uploads\/\" target=\"_blank\" rel=\"noopener\">quelques activit\u00e9s de ce p\u00f4le unique de comp\u00e9tences<\/a>![\/vc_column_text][\/vc_column_inner][\/vc_row_inner][\/vc_column][\/vc_row]<\/p>\n<\/div>","protected":false},"excerpt":{"rendered":"<p>[vc_row row_height_percent=&#8221;0&#8243; overlay_alpha=&#8221;50&#8243; gutter_size=&#8221;3&#8243; column_width_percent=&#8221;100&#8243; shift_y=&#8221;0&#8243; z_index=&#8221;0&#8243; row_height_pixel=&#8221;600&#8243;][vc_column column_width_percent=&#8221;100&#8243; gutter_size=&#8221;3&#8243; overlay_alpha=&#8221;50&#8243; shift_x=&#8221;0&#8243; shift_y=&#8221;0&#8243; shift_y_down=&#8221;0&#8243; z_index=&#8221;0&#8243; medium_width=&#8221;0&#8243; mobile_width=&#8221;0&#8243; width=&#8221;1\/1&#8243;][vc_row_inner limit_content=&#8221;&#8221;][vc_column_inner column_width_percent=&#8221;80&#8243; [&hellip;]<\/p>\n","protected":false},"author":16,"featured_media":11565,"parent":0,"menu_order":0,"comment_status":"closed","ping_status":"closed","template":"","meta":{"footnotes":""},"portfolio_category":[335],"class_list":["post-14441","portfolio","type-portfolio","status-publish","has-post-thumbnail","hentry","portfolio_category-portraits"],"_links":{"self":[{"href":"https:\/\/www.museebolo.ch\/en\/wp-json\/wp\/v2\/portfolio\/14441","targetHints":{"allow":["GET"]}}],"collection":[{"href":"https:\/\/www.museebolo.ch\/en\/wp-json\/wp\/v2\/portfolio"}],"about":[{"href":"https:\/\/www.museebolo.ch\/en\/wp-json\/wp\/v2\/types\/portfolio"}],"author":[{"embeddable":true,"href":"https:\/\/www.museebolo.ch\/en\/wp-json\/wp\/v2\/users\/16"}],"replies":[{"embeddable":true,"href":"https:\/\/www.museebolo.ch\/en\/wp-json\/wp\/v2\/comments?post=14441"}],"version-history":[{"count":3,"href":"https:\/\/www.museebolo.ch\/en\/wp-json\/wp\/v2\/portfolio\/14441\/revisions"}],"predecessor-version":[{"id":14454,"href":"https:\/\/www.museebolo.ch\/en\/wp-json\/wp\/v2\/portfolio\/14441\/revisions\/14454"}],"wp:featuredmedia":[{"embeddable":true,"href":"https:\/\/www.museebolo.ch\/en\/wp-json\/wp\/v2\/media\/11565"}],"wp:attachment":[{"href":"https:\/\/www.museebolo.ch\/en\/wp-json\/wp\/v2\/media?parent=14441"}],"wp:term":[{"taxonomy":"portfolio_category","embeddable":true,"href":"https:\/\/www.museebolo.ch\/en\/wp-json\/wp\/v2\/portfolio_category?post=14441"}],"curies":[{"name":"wp","href":"https:\/\/api.w.org\/{rel}","templated":true}]}}